{"id":6426,"date":"2024-09-23T00:57:58","date_gmt":"2024-09-22T22:57:58","guid":{"rendered":"https:\/\/projekt.pociagdokariery.pl\/cms\/?page_id=6426"},"modified":"2026-01-19T15:08:58","modified_gmt":"2026-01-19T14:08:58","slug":"dla-osob-ze-szczegolnymi-potrzebami","status":"publish","type":"page","link":"https:\/\/projekt.pociagdokariery.pl\/cms\/dla-osob-ze-szczegolnymi-potrzebami\/","title":{"rendered":"Dla os\u00f3b ze szczeg\u00f3lnymi potrzebami"},"content":{"rendered":"\t\t<div data-elementor-type=\"wp-page\" data-elementor-id=\"6426\" class=\"elementor elementor-6426\">\n\t\t\t\t<div class=\"elementor-element elementor-element-dad6904 e-con-full e-flex e-con e-parent\" data-id=\"dad6904\" data-element_type=\"container\" data-e-type=\"container\">\n\t\t\t\t<div class=\"elementor-element elementor-element-3acb2b06 elementor-widget elementor-widget-heading\" data-id=\"3acb2b06\" data-element_type=\"widget\" data-e-type=\"widget\" data-widget_type=\"heading.default\">\n\t\t\t\t<div class=\"elementor-widget-container\">\n\t\t\t\t\t<h2 class=\"elementor-heading-title elementor-size-default\">Dla os\u00f3b ze szczeg\u00f3lnymi potrzebami<\/h2>\t\t\t\t<\/div>\n\t\t\t\t<\/div>\n\t\t\t\t<div class=\"elementor-element elementor-element-163a8ad5 elementor-widget-divider--view-line elementor-widget elementor-widget-divider\" data-id=\"163a8ad5\" data-element_type=\"widget\" data-e-type=\"widget\" data-widget_type=\"divider.default\">\n\t\t\t\t<div class=\"elementor-widget-container\">\n\t\t\t\t\t\t\t<div class=\"elementor-divider\">\n\t\t\t<span class=\"elementor-divider-separator\">\n\t\t\t\t\t\t<\/span>\n\t\t<\/div>\n\t\t\t\t\t\t<\/div>\n\t\t\t\t<\/div>\n\t\t\t\t<div class=\"elementor-element elementor-element-3011ba70 elementor-widget elementor-widget-text-editor\" data-id=\"3011ba70\" data-element_type=\"widget\" data-e-type=\"widget\" data-widget_type=\"text-editor.default\">\n\t\t\t\t<div class=\"elementor-widget-container\">\n\t\t\t\t\t\t\t\t\t<p>Data publikacji: 2024-04-30<br \/>Data aktualizacji: 2026-01-17<\/p>\t\t\t\t\t\t\t\t<\/div>\n\t\t\t\t<\/div>\n\t\t\t\t<\/div>\n\t\t<div class=\"elementor-element elementor-element-480a23f2 e-flex e-con-boxed e-con e-parent\" data-id=\"480a23f2\" data-element_type=\"container\" data-e-type=\"container\">\n\t\t\t\t\t<div class=\"e-con-inner\">\n\t\t\t\t<div class=\"elementor-element elementor-element-3b1b7860 elementor-widget elementor-widget-text-editor\" data-id=\"3b1b7860\" data-element_type=\"widget\" data-e-type=\"widget\" data-widget_type=\"text-editor.default\">\n\t\t\t\t<div class=\"elementor-widget-container\">\n\t\t\t\t\t\t\t\t\t<p><strong>Zapewnianie dost\u0119pno\u015bci projektu \u201cMa\u0142opolski poci\u0105g do kariery &#8211; sezon 1\u201d osobom ze szczeg\u00f3lnymi potrzebami, w tym Osobom z niepe\u0142nosprawno\u015bciami.<\/strong><\/p>\t\t\t\t\t\t\t\t<\/div>\n\t\t\t\t<\/div>\n\t\t\t\t<div class=\"elementor-element elementor-element-58cece09 elementor-widget elementor-widget-image\" data-id=\"58cece09\" data-element_type=\"widget\" data-e-type=\"widget\" data-widget_type=\"image.default\">\n\t\t\t\t<div class=\"elementor-widget-container\">\n\t\t\t\t\t\t\t\t\t\t\t\t\t\t\t<img fetchpriority=\"high\" decoding=\"async\" width=\"1022\" height=\"1024\" src=\"https:\/\/projekt.pociagdokariery.pl\/cms\/wp-content\/uploads\/2024\/09\/ON2-1022x1024.png\" class=\"attachment-large size-large wp-image-6428\" alt=\"kwadrat z 9 polami przedstawiaj\u0105cymi r\u00f3\u017cne rodzaje niepe\u0142nosprawno\u015bci\" srcset=\"https:\/\/projekt.pociagdokariery.pl\/cms\/wp-content\/uploads\/2024\/09\/ON2-1022x1024.png 1022w, https:\/\/projekt.pociagdokariery.pl\/cms\/wp-content\/uploads\/2024\/09\/ON2-300x300.png 300w, https:\/\/projekt.pociagdokariery.pl\/cms\/wp-content\/uploads\/2024\/09\/ON2-150x150.png 150w, https:\/\/projekt.pociagdokariery.pl\/cms\/wp-content\/uploads\/2024\/09\/ON2-768x770.png 768w, https:\/\/projekt.pociagdokariery.pl\/cms\/wp-content\/uploads\/2024\/09\/ON2.png 1272w\" sizes=\"(max-width: 1022px) 100vw, 1022px\" \/>\t\t\t\t\t\t\t\t\t\t\t\t\t\t\t<\/div>\n\t\t\t\t<\/div>\n\t\t\t\t<div class=\"elementor-element elementor-element-26726de8 elementor-widget elementor-widget-text-editor\" data-id=\"26726de8\" data-element_type=\"widget\" data-e-type=\"widget\" data-widget_type=\"text-editor.default\">\n\t\t\t\t<div class=\"elementor-widget-container\">\n\t\t\t\t\t\t\t\t\t<p>Przywykli\u015bmy, \u017ce osoby z niepe\u0142nosprawno\u015bciami korzystaj\u0105 z projekt\u00f3w, kt\u00f3re s\u0105 przeznaczone specjalnie dla nich. Zapewne dlatego wiele os\u00f3b nie zdaje sobie sprawy, \u017ce projekt \u201cMa\u0142opolski poci\u0105g do kariery &#8211; sezon 1\u201d jest skierowany r\u00f3wnie\u017c do os\u00f3b z niepe\u0142nosprawno\u015bciami. Zatem je\u015bli<strong> masz sko\u0144czone 18 lat i nie uko\u0144czy\u0142e\u015b 89 roku \u017cycia, jeste\u015b osob\u0105 z niepe\u0142nosprawno\u015bciami i masz dokument, kt\u00f3ry to potwierdza<\/strong> mo\u017cesz bra\u0107 udzia\u0142 w naszym projekcie.<\/p><p>Mo\u017cesz zg\u0142osi\u0107 si\u0119 w ka\u017cdej z prowadzonych rekrutacji, pod warunkiem spe\u0142niania warunk\u00f3w uczestnictwa w projekcie (w tym kryterium wieku lub p\u0142ci obowi\u0105zuj\u0105cym w danym naborze). <strong>Nie musisz pracowa\u0107.<\/strong>\u00a0 Osoby z niepe\u0142nosprawno\u015bciami mog\u0105 nie spe\u0142nia\u0107 warunku zatrudnienia. Nie mog\u0105 natomiast prowadzi\u0107 dzia\u0142alno\u015bci gospodarczej &#8211; ten wym\u00f3g dotyczy wszystkich Uczestnik\u00f3w projektu.<\/p><h3>Kontakt do pracownika wspieraj\u0105cego osoby z niepe\u0142nosprawno\u015bciami:<\/h3><p>Anna Opyrcha\u0142<br \/>tel.: 12 619 84 09<br \/>e-mail:\u00a0<a href=\"mailto:%20bon@wup-krakow.pl\">bon@wup-krakow.pl<\/a>\u00a0<\/p>\t\t\t\t\t\t\t\t<\/div>\n\t\t\t\t<\/div>\n\t\t\t\t<div class=\"elementor-element elementor-element-93104c1 elementor-widget elementor-widget-text-editor\" data-id=\"93104c1\" data-element_type=\"widget\" data-e-type=\"widget\" data-widget_type=\"text-editor.default\">\n\t\t\t\t<div class=\"elementor-widget-container\">\n\t\t\t\t\t\t\t\t\t<h3>Udogodnienia<\/h3><p>W naszych projektach zale\u017cy nam na komforcie klient\u00f3w, dlatego z du\u017c\u0105 dba\u0142o\u015bci\u0105 podchodzimy do r\u00f3wnego traktowania wszystkich Uczestnik\u00f3w. Aby u\u0142atwi\u0107 dost\u0119p do informacji dostosowali\u015bmy stron\u0119 internetow\u0105 w naszym projekcie do potrzeb os\u00f3b niedowidz\u0105cych. W budynku w Krakowie (plac Na Stawach 1), w Nowym S\u0105czu (ul. Nawojowska 4) oraz w Tarnowie (ul. Szujskiego 66) posiadamy udogodnienia dla os\u00f3b z niepe\u0142nosprawno\u015bci\u0105 ruchow\u0105.<\/p><p>O dost\u0119pno\u015b\u0107 szkole\u0144, z kt\u00f3rych mo\u017cna skorzysta\u0107 w ramach dofinansowania w formie bon\u00f3w, dbaj\u0105 instytucje szkoleniowe, z kt\u00f3rymi Wojew\u00f3dzki Urz\u0105d Pracy w Krakowie podpisa\u0142 umow\u0119 na realizacj\u0119 bon\u00f3w. Te z instytucji, kt\u00f3rych us\u0142ugi s\u0105 dostosowane do potrzeb os\u00f3b niepe\u0142nosprawnych informuj\u0105 o tym w karcie us\u0142ugi prezentowanej w <a href=\"https:\/\/uslugirozwojowe.parp.gov.pl\/\" target=\"_blank\" rel=\"noopener\">Bazie Us\u0142ug Rozwojowych<\/a>.<\/p>\t\t\t\t\t\t\t\t<\/div>\n\t\t\t\t<\/div>\n\t\t\t\t<div class=\"elementor-element elementor-element-97d56a4 elementor-widget elementor-widget-text-editor\" data-id=\"97d56a4\" data-element_type=\"widget\" data-e-type=\"widget\" data-widget_type=\"text-editor.default\">\n\t\t\t\t<div class=\"elementor-widget-container\">\n\t\t\t\t\t\t\t\t\t<h3>Co jeszcze mo\u017cemy Ci zapewni\u0107, aby\u015b czu\u0142\/a si\u0119 komfortowo w naszym projekcie?<\/h3><ol><li>Obecno\u015b\u0107 t\u0142umacza polskiego j\u0119zyka migowego (wideot\u0142umacz);<\/li><li>P\u0119tla indukcyjna;<\/li><li>Asystent;<\/li><li>Warunki dla psa przewodnika (miska z wod\u0105, koc);<\/li><li>Wyd\u0142u\u017cony czas wsparcia (wynikaj\u0105cy np. z konieczno\u015bci wolniejszego t\u0142umaczenia na j\u0119zyk migowy, wolnego m\u00f3wienia, odczytywania komunikat\u00f3w z ust, stosowania j\u0119zyka \u0142atwego itp.);<\/li><li>Dostosowanie architektoniczne budynk\u00f3w niedost\u0119pnych;<\/li><li>Przygotowanie dokument\u00f3w projektowych w powi\u0119kszonej czcionce.<\/li><\/ol><h4>W sprawie zapewnienia powy\u017cszych us\u0142ug skontaktuj si\u0119 z:<\/h4><p>Anna Opyrcha\u0142<br \/>tel.: 12 619 84 09<br \/>e-mail:\u00a0<a href=\"mailto:%20bon@wup-krakow.pl\">bon@wup-krakow.pl<\/a>.<\/p>\t\t\t\t\t\t\t\t<\/div>\n\t\t\t\t<\/div>\n\t\t\t\t<div class=\"elementor-element elementor-element-a856e95 elementor-widget elementor-widget-text-editor\" data-id=\"a856e95\" data-element_type=\"widget\" data-e-type=\"widget\" data-widget_type=\"text-editor.default\">\n\t\t\t\t<div class=\"elementor-widget-container\">\n\t\t\t\t\t\t\t\t\t<p>Je\u015bli masz pomys\u0142, jak mo\u017cemy poprawi\u0107 nasz\u0105 obs\u0142ug\u0119 lub zapewni\u0107 lepsz\u0105 dost\u0119pno\u015b\u0107, daj nam zna\u0107.<\/p><p>Zawsze mo\u017cesz te\u017c poprosi\u0107 o pomoc Koordynatora dost\u0119pno\u015bci w naszym Urz\u0119dzie. Jest nim \u0141ukasz Kraczka, tel. 506 862 044, e-mail: <a href=\"mailto:lukasz.kraczka@wup-krakow.pl\">lukasz.kraczka@wup-krakow.pl<\/a>.<\/p>\t\t\t\t\t\t\t\t<\/div>\n\t\t\t\t<\/div>\n\t\t\t\t<div class=\"elementor-element elementor-element-be3fa30 elementor-widget elementor-widget-text-editor\" data-id=\"be3fa30\" data-element_type=\"widget\" data-e-type=\"widget\" data-widget_type=\"text-editor.default\">\n\t\t\t\t<div class=\"elementor-widget-container\">\n\t\t\t\t\t\t\t\t\t<h3>Zg\u0142oszenia podejrzenia niezgodno\u015bci z Kart\u0105 Praw Podstawowych Unii Europejskiej i Konwencj\u0105 o prawach os\u00f3b niepe\u0142nosprawnych<\/h3><p>Beneficjent (WUP Krak\u00f3w) zobowi\u0105zany jest do realizacji Projektu zgodnie z prawami i wolno\u015bciami okre\u015blonymi w <a href=\"https:\/\/isap.sejm.gov.pl\/isap.nsf\/DocDetails.xsp?id=wdu20120001169\" target=\"_blank\" rel=\"noopener\">Konwencji o prawach os\u00f3b niepe\u0142nosprawnych<\/a>, sporz\u0105dzonej w Nowym Jorku dnia 13 grudnia 2006 r. (Dz. U. z 2012 r. poz. 1169 z p\u00f3\u017an. zm.), zwanej dalej <strong>KPON<\/strong> oraz <a href=\"https:\/\/eur-lex.europa.eu\/legal-content\/PL\/TXT\/?qid=1528270482410&amp;uri=CELEX:12012P\/TXT\" target=\"_blank\" rel=\"noopener\">Kart\u0105 Praw Podstawowych Unii Europejskiej<\/a> (Dz. U. UE. C. z 2007 r. Nr 303, str. 1 z p\u00f3\u017an.zm) zwanej dalej <strong>KPP<\/strong>.<\/p><p>Uczestnicy projektu mog\u0105 zg\u0142asza\u0107 podejrzenie o niezgodno\u015bci realizowanego Projektu lub dzia\u0142a\u0144 Beneficjenta z KPON lub KPP na adres mailowy <a href=\"mailto:KPP_KPON@umwm.malopolska.pl\">KPP_KPON@umwm.malopolska.pl <\/a><\/p><p>Wi\u0119cej na ten temat znajdziesz na stronie <a href=\"https:\/\/www.fundusze.malopolska.pl\/poradnik\/8312-zgloszenia-podejrzenia-niezgodnosci-z-karta-praw-podstawowych-unii-europejskiej-i\" target=\"_blank\" rel=\"noopener\">Funduszy Europejskich dla Ma\u0142opolski.<\/a><\/p>\t\t\t\t\t\t\t\t<\/div>\n\t\t\t\t<\/div>\n\t\t\t\t\t<\/div>\n\t\t\t\t<\/div>\n\t\t<div class=\"elementor-element elementor-element-5fbb1777 e-flex e-con-boxed e-con e-parent\" data-id=\"5fbb1777\" data-element_type=\"container\" data-e-type=\"container\">\n\t\t\t\t\t<div class=\"e-con-inner\">\n\t\t<div class=\"elementor-element elementor-element-58eee06e e-con-full e-flex e-con e-child\" data-id=\"58eee06e\" data-element_type=\"container\" data-e-type=\"container\">\n\t\t\t\t<div class=\"elementor-element elementor-element-40e2d82d e-grid-align-left elementor-shape-rounded elementor-grid-0 elementor-widget elementor-widget-social-icons\" data-id=\"40e2d82d\" data-element_type=\"widget\" data-e-type=\"widget\" data-widget_type=\"social-icons.default\">\n\t\t\t\t<div class=\"elementor-widget-container\">\n\t\t\t\t\t\t\t<div class=\"elementor-social-icons-wrapper elementor-grid\">\n\t\t\t\t\t\t\t<span class=\"elementor-grid-item\">\n\t\t\t\t\t<a class=\"elementor-icon elementor-social-icon elementor-social-icon-share-alt elementor-repeater-item-0db8a3f\" target=\"_blank\">\n\t\t\t\t\t\t<span class=\"elementor-screen-only\">Share-alt<\/span>\n\t\t\t\t\t\t<svg aria-hidden=\"true\" class=\"e-font-icon-svg e-fas-share-alt\" viewBox=\"0 0 448 512\" xmlns=\"http:\/\/www.w3.org\/2000\/svg\"><path d=\"M352 320c-22.608 0-43.387 7.819-59.79 20.895l-102.486-64.054a96.551 96.551 0 0 0 0-41.683l102.486-64.054C308.613 184.181 329.392 192 352 192c53.019 0 96-42.981 96-96S405.019 0 352 0s-96 42.981-96 96c0 7.158.79 14.13 2.276 20.841L155.79 180.895C139.387 167.819 118.608 160 96 160c-53.019 0-96 42.981-96 96s42.981 96 96 96c22.608 0 43.387-7.819 59.79-20.895l102.486 64.054A96.301 96.301 0 0 0 256 416c0 53.019 42.981 96 96 96s96-42.981 96-96-42.981-96-96-96z\"><\/path><\/svg>\t\t\t\t\t<\/a>\n\t\t\t\t<\/span>\n\t\t\t\t\t<\/div>\n\t\t\t\t\t\t<\/div>\n\t\t\t\t<\/div>\n\t\t\t\t<\/div>\n\t\t<div class=\"elementor-element elementor-element-6d1cb0ae e-con-full e-flex e-con e-child\" data-id=\"6d1cb0ae\" data-element_type=\"container\" data-e-type=\"container\">\n\t\t\t\t<\/div>\n\t\t\t\t\t<\/div>\n\t\t\t\t<\/div>\n\t\t\t\t<\/div>\n\t\t","protected":false},"excerpt":{"rendered":"<p>Dla os\u00f3b ze szczeg\u00f3lnymi potrzebami Data publikacji: 2024-04-30Data aktualizacji: 2026-01-17 Zapewnianie dost\u0119pno\u015bci projektu \u201cMa\u0142opolski poci\u0105g do kariery &#8211; sezon 1\u201d osobom ze szczeg\u00f3lnymi potrzebami, w tym Osobom z niepe\u0142nosprawno\u015bciami. Przywykli\u015bmy, \u017ce osoby z niepe\u0142nosprawno\u015bciami korzystaj\u0105 z projekt\u00f3w, kt\u00f3re s\u0105 przeznaczone specjalnie dla nich. Zapewne dlatego wiele os\u00f3b nie zdaje sobie sprawy, \u017ce projekt \u201cMa\u0142opolski poci\u0105g [&hellip;]<\/p>\n","protected":false},"author":4,"featured_media":0,"parent":0,"menu_order":0,"comment_status":"closed","ping_status":"closed","template":"","meta":{"_acf_changed":false,"site-sidebar-layout":"no-sidebar","site-content-layout":"page-builder","ast-site-content-layout":"full-width-container","site-content-style":"default","site-sidebar-style":"default","ast-global-header-display":"","ast-banner-title-visibility":"","ast-main-header-display":"","ast-hfb-above-header-display":"","ast-hfb-below-header-display":"","ast-hfb-mobile-header-display":"","site-post-title":"disabled","ast-breadcrumbs-content":"","ast-featured-img":"disabled","footer-sml-layout":"","ast-disable-related-posts":"","theme-transparent-header-meta":"","adv-header-id-meta":"","stick-header-meta":"","header-above-stick-meta":"","header-main-stick-meta":"","header-below-stick-meta":"","astra-migrate-meta-layouts":"set","ast-page-background-enabled":"default","ast-page-background-meta":{"desktop":{"background-color":"var(--ast-global-color-4)","background-image":"","background-repeat":"repeat","background-position":"center center","background-size":"auto","background-attachment":"scroll","background-type":"","background-media":"","overlay-type":"","overlay-color":"","overlay-opacity":"","overlay-gradient":""},"tablet":{"background-color":"","background-image":"","background-repeat":"repeat","background-position":"center center","background-size":"auto","background-attachment":"scroll","background-type":"","background-media":"","overlay-type":"","overlay-color":"","overlay-opacity":"","overlay-gradient":""},"mobile":{"background-color":"","background-image":"","background-repeat":"repeat","background-position":"center center","background-size":"auto","background-attachment":"scroll","background-type":"","background-media":"","overlay-type":"","overlay-color":"","overlay-opacity":"","overlay-gradient":""}},"ast-content-background-meta":{"desktop":{"background-color":"var(--ast-global-color-5)","background-image":"","background-repeat":"repeat","background-position":"center center","background-size":"auto","background-attachment":"scroll","background-type":"","background-media":"","overlay-type":"","overlay-color":"","overlay-opacity":"","overlay-gradient":""},"tablet":{"background-color":"var(--ast-global-color-5)","background-image":"","background-repeat":"repeat","background-position":"center center","background-size":"auto","background-attachment":"scroll","background-type":"","background-media":"","overlay-type":"","overlay-color":"","overlay-opacity":"","overlay-gradient":""},"mobile":{"background-color":"var(--ast-global-color-5)","background-image":"","background-repeat":"repeat","background-position":"center center","background-size":"auto","background-attachment":"scroll","background-type":"","background-media":"","overlay-type":"","overlay-color":"","overlay-opacity":"","overlay-gradient":""}},"footnotes":""},"class_list":["post-6426","page","type-page","status-publish","hentry"],"acf":[],"_links":{"self":[{"href":"https:\/\/projekt.pociagdokariery.pl\/cms\/wp-json\/wp\/v2\/pages\/6426","targetHints":{"allow":["GET"]}}],"collection":[{"href":"https:\/\/projekt.pociagdokariery.pl\/cms\/wp-json\/wp\/v2\/pages"}],"about":[{"href":"https:\/\/projekt.pociagdokariery.pl\/cms\/wp-json\/wp\/v2\/types\/page"}],"author":[{"embeddable":true,"href":"https:\/\/projekt.pociagdokariery.pl\/cms\/wp-json\/wp\/v2\/users\/4"}],"replies":[{"embeddable":true,"href":"https:\/\/projekt.pociagdokariery.pl\/cms\/wp-json\/wp\/v2\/comments?post=6426"}],"version-history":[{"count":46,"href":"https:\/\/projekt.pociagdokariery.pl\/cms\/wp-json\/wp\/v2\/pages\/6426\/revisions"}],"predecessor-version":[{"id":10310,"href":"https:\/\/projekt.pociagdokariery.pl\/cms\/wp-json\/wp\/v2\/pages\/6426\/revisions\/10310"}],"wp:attachment":[{"href":"https:\/\/projekt.pociagdokariery.pl\/cms\/wp-json\/wp\/v2\/media?parent=6426"}],"curies":[{"name":"wp","href":"https:\/\/api.w.org\/{rel}","templated":true}]}}