{"id":10701,"date":"2026-03-11T11:32:49","date_gmt":"2026-03-11T10:32:49","guid":{"rendered":"https:\/\/projekt.pociagdokariery.pl\/cms\/?post_type=wiadomosci&#038;p=10701"},"modified":"2026-03-11T11:35:13","modified_gmt":"2026-03-11T10:35:13","slug":"start-rekrutacji-12-marca","status":"publish","type":"wiadomosci","link":"https:\/\/projekt.pociagdokariery.pl\/cms\/wiadomosci\/start-rekrutacji-12-marca\/","title":{"rendered":"Start rekrutacji 12 marca"},"content":{"rendered":"\t\t<div data-elementor-type=\"wp-post\" data-elementor-id=\"10701\" class=\"elementor elementor-10701\">\n\t\t\t\t<div class=\"elementor-element elementor-element-7107a2cb e-con-full e-flex e-con e-parent\" data-id=\"7107a2cb\" data-element_type=\"container\" data-e-type=\"container\">\n\t\t\t\t<div class=\"elementor-element elementor-element-d416a3f elementor-widget elementor-widget-heading\" data-id=\"d416a3f\" data-element_type=\"widget\" data-e-type=\"widget\" data-widget_type=\"heading.default\">\n\t\t\t\t<div class=\"elementor-widget-container\">\n\t\t\t\t\t<h2 class=\"elementor-heading-title elementor-size-default\">Start rekrutacji 12 marca<\/h2>\t\t\t\t<\/div>\n\t\t\t\t<\/div>\n\t\t\t\t<div class=\"elementor-element elementor-element-77f6d922 elementor-widget-divider--view-line elementor-widget elementor-widget-divider\" data-id=\"77f6d922\" data-element_type=\"widget\" data-e-type=\"widget\" data-widget_type=\"divider.default\">\n\t\t\t\t<div class=\"elementor-widget-container\">\n\t\t\t\t\t\t\t<div class=\"elementor-divider\">\n\t\t\t<span class=\"elementor-divider-separator\">\n\t\t\t\t\t\t<\/span>\n\t\t<\/div>\n\t\t\t\t\t\t<\/div>\n\t\t\t\t<\/div>\n\t\t\t\t<div class=\"elementor-element elementor-element-2b8b855c elementor-widget elementor-widget-text-editor\" data-id=\"2b8b855c\" data-element_type=\"widget\" data-e-type=\"widget\" data-widget_type=\"text-editor.default\">\n\t\t\t\t<div class=\"elementor-widget-container\">\n\t\t\t\t\t\t\t\t\t<p>Data publikacji: 2026-03-11<\/p>\t\t\t\t\t\t\t\t<\/div>\n\t\t\t\t<\/div>\n\t\t\t\t<\/div>\n\t\t<div class=\"elementor-element elementor-element-47e36ef6 elementor-hidden-mobile e-flex e-con-boxed e-con e-parent\" data-id=\"47e36ef6\" data-element_type=\"container\" data-e-type=\"container\" data-settings=\"{&quot;background_background&quot;:&quot;classic&quot;}\">\n\t\t\t\t\t<div class=\"e-con-inner\">\n\t\t\t\t<div class=\"elementor-element elementor-element-a49991d elementor-widget elementor-widget-spacer\" data-id=\"a49991d\" data-element_type=\"widget\" data-e-type=\"widget\" data-widget_type=\"spacer.default\">\n\t\t\t\t<div class=\"elementor-widget-container\">\n\t\t\t\t\t\t\t<div class=\"elementor-spacer\">\n\t\t\t<div class=\"elementor-spacer-inner\"><\/div>\n\t\t<\/div>\n\t\t\t\t\t\t<\/div>\n\t\t\t\t<\/div>\n\t\t\t\t\t<\/div>\n\t\t\t\t<\/div>\n\t\t<div class=\"elementor-element elementor-element-774b4926 e-flex e-con-boxed e-con e-parent\" data-id=\"774b4926\" data-element_type=\"container\" data-e-type=\"container\">\n\t\t\t\t\t<div class=\"e-con-inner\">\n\t\t\t\t<div class=\"elementor-element elementor-element-56b55205 elementor-widget elementor-widget-text-editor\" data-id=\"56b55205\" data-element_type=\"widget\" data-e-type=\"widget\" data-widget_type=\"text-editor.default\">\n\t\t\t\t<div class=\"elementor-widget-container\">\n\t\t\t\t\t\t\t\t\t<p><strong>12 marca o godzinie 12:00 rozpoczniemy przyjmowanie zg\u0142osze\u0144 do udzia\u0142u w projekcie \u201eMa\u0142opolski poci\u0105g do kariery \u2013 sezon 1\u201d dla os\u00f3b w wieku pomi\u0119dzy 41 a 89 lat.<\/strong><\/p>\t\t\t\t\t\t\t\t<\/div>\n\t\t\t\t<\/div>\n\t\t\t\t<div class=\"elementor-element elementor-element-74850eea elementor-widget elementor-widget-text-editor\" data-id=\"74850eea\" data-element_type=\"widget\" data-e-type=\"widget\" data-widget_type=\"text-editor.default\">\n\t\t\t\t<div class=\"elementor-widget-container\">\n\t\t\t\t\t\t\t\t\t<p><strong>W tym naborze przygotowali\u015bmy \u0142\u0105cznie 1400 miejsc, w tym:<\/strong><\/p><ul><li>1355 w rekrutacji online,<\/li><li>45 w rekrutacji dla os\u00f3b z niepe\u0142nosprawno\u015bciami uniemo\u017cliwiaj\u0105cymi korzystanie z formularza online.<\/li><\/ul><p>Rekrutacja potrwa do 16 marca 2026 lub wcze\u015bniejszego wyczerpania limitu miejsc (decyduje kolejno\u015b\u0107 zg\u0142osze\u0144).<\/p>\t\t\t\t\t\t\t\t<\/div>\n\t\t\t\t<\/div>\n\t\t\t\t<div class=\"elementor-element elementor-element-617a934 elementor-widget elementor-widget-text-editor\" data-id=\"617a934\" data-element_type=\"widget\" data-e-type=\"widget\" data-widget_type=\"text-editor.default\">\n\t\t\t\t<div class=\"elementor-widget-container\">\n\t\t\t\t\t\t\t\t\t<p>Nie masz pewno\u015bci czy mo\u017cesz wzi\u0105\u0107 udzia\u0142 w najbli\u017cszej rekrutacji ze wzgl\u0119du na wiek?<br \/>Je\u015bli mia\u0142e\u015b\/a\u015b ju\u017c swoje 41 urodziny lub obchodzisz je w\u0142a\u015bnie w dniu zg\u0142oszenia do naszego projektu, a nie mia\u0142e\u015b\/a\u015b jeszcze 90 urodzin \u2013 mo\u017cesz uczestniczy\u0107 w tej rekrutacji.<\/p>\t\t\t\t\t\t\t\t<\/div>\n\t\t\t\t<\/div>\n\t\t\t\t<div class=\"elementor-element elementor-element-180433d5 elementor-widget elementor-widget-text-editor\" data-id=\"180433d5\" data-element_type=\"widget\" data-e-type=\"widget\" data-widget_type=\"text-editor.default\">\n\t\t\t\t<div class=\"elementor-widget-container\">\n\t\t\t\t\t\t\t\t\t<p>Przypominamy, \u017ce uczestnikiem projektu, w tej rekrutacji, mo\u017cesz zosta\u0107 je\u015bli spe\u0142niasz <strong>wszystkie<\/strong> poni\u017csze warunki:<\/p><ul><li>jeste\u015b w wieku od 41 do 89 lat,<\/li><li>mieszkasz lub pracujesz na terenie wojew\u00f3dztwa ma\u0142opolskiego,<\/li><li>nie prowadzisz dzia\u0142alno\u015bci gospodarczej,<\/li><li>posiadasz obywatelstwo polskie lub zezwolenie na pobyt lub wiz\u0119, upowa\u017cniaj\u0105ce do pobytu i podj\u0119cia pracy na terenie Rzeczypospolitej Polskiej<\/li><\/ul><p>i dodatkowo \u2013 zgodnie z <a href=\"https:\/\/projekt.pociagdokariery.pl\/storage\/shares\/Ma\u0142opolski poci\u0105g do kariery - sezon 1\/Regulamin_MP_dla_rekrutacji_od_19.02.2026.pdf\" target=\"_blank\" rel=\"noopener\" data-wplink-url-error=\"true\">Regulaminem<\/a> \u2013 musisz spe\u0142ni\u0107 jeden z warunk\u00f3w:<\/p><ul><li>jeste\u015b osob\u0105 pracuj\u0105c\u0105 (potwierdzisz to odpowiednim za\u015bwiadczeniem, kt\u00f3rego wz\u00f3r otrzymasz po pozytywnej weryfikacji twojego formularza zg\u0142oszeniowego),<br \/>LUB<\/li><li>jeste\u015b osob\u0105 z niepe\u0142nosprawno\u015bciami (potwierdzisz to orzeczeniem lub za\u015bwiadczeniem potwierdzaj\u0105cym status osoby z zaburzeniami psychicznymi).<\/li><\/ul><p>oraz dostarczysz dokumenty potwierdzaj\u0105ce spe\u0142nianie tych warunk\u00f3w.<\/p><p><strong>Osoby z niepe\u0142nosprawno\u015bciami<\/strong> nie musz\u0105 spe\u0142nia\u0107 warunku zatrudnienia, zatem <strong>mog\u0105 by\u0107 osobami bezrobotnymi \/ bez zatrudnienia.<\/strong><\/p><p>Wi\u0119cej na ten temat przeczytasz w artykule <a href=\"https:\/\/projekt.pociagdokariery.pl\/cms\/dla-osob-ze-szczegolnymi-potrzebami\/\">Dla os\u00f3b ze szczeg\u00f3lnymi potrzebami.<\/a><\/p>\t\t\t\t\t\t\t\t<\/div>\n\t\t\t\t<\/div>\n\t\t\t\t<div class=\"elementor-element elementor-element-7284ede9 elementor-widget elementor-widget-text-editor\" data-id=\"7284ede9\" data-element_type=\"widget\" data-e-type=\"widget\" data-widget_type=\"text-editor.default\">\n\t\t\t\t<div class=\"elementor-widget-container\">\n\t\t\t\t\t\t\t\t\t<h3>Jak si\u0119 zg\u0142osi\u0107?<\/h3><p>Ch\u0119\u0107 udzia\u0142u zg\u0142osisz wype\u0142niaj\u0105c formularz na <a href=\"https:\/\/projekt.pociagdokariery.pl\/\" target=\"_blank\" rel=\"noopener\">stronie internetowej projektu<\/a><strong>.<\/strong><\/p><p>Formularz zg\u0142oszeniowy b\u0119dzie dost\u0119pny od momentu rozpocz\u0119cia rekrutacji, po klikni\u0119ciu przycisku \u201eZg\u0142oszenie do projektu\u201d.<\/p><p><strong>Jest to podstawowy spos\u00f3b rekrutacji, r\u00f3wnie\u017c dla os\u00f3b z niepe\u0142nosprawno\u015bciami.<\/strong><\/p><p>Wyj\u0105tek \u2013 dla os\u00f3b w szczeg\u00f3lnej sytuacji \u2013 opisano w dalszej cz\u0119\u015bci artyku\u0142u.<\/p>\t\t\t\t\t\t\t\t<\/div>\n\t\t\t\t<\/div>\n\t\t\t\t<div class=\"elementor-element elementor-element-169a9608 elementor-widget elementor-widget-text-editor\" data-id=\"169a9608\" data-element_type=\"widget\" data-e-type=\"widget\" data-widget_type=\"text-editor.default\">\n\t\t\t\t<div class=\"elementor-widget-container\">\n\t\t\t\t\t\t\t\t\t<h4><strong>Rejestracja online poprzez stron\u0119 projektu<\/strong><\/h4><p>Formularz sk\u0142ada si\u0119 z dw\u00f3ch cz\u0119\u015bci.<\/p><ol><li>W pierwszej przejdziesz ankiet\u0119 sprawdzaj\u0105c\u0105, czy spe\u0142niasz warunki udzia\u0142u w projekcie (odpowiesz na pytania o obywatelstwo, wiek, p\u0142e\u0107, wykszta\u0142cenie, zwi\u0105zek z ma\u0142opolsk\u0105, czy prowadzisz dzia\u0142alno\u015b\u0107 gospodarcz\u0105, czy jeste\u015b zatrudniony) oraz podasz sw\u00f3j adres e-mail.<br \/>Po poprawnym przej\u015bciu ankiety wy\u015bwietli si\u0119 komunikat z informacj\u0105 o przyj\u0119ciu zg\u0142oszenia i wys\u0142aniu wiadomo\u015bci na podany przez Ciebie adres e-mail.<\/li><li>Nast\u0119pnie na ten adres mailowy otrzymasz link do drugiej cz\u0119\u015bci formularza, w kt\u00f3rej podasz swoje dane osobowe. <strong>Uwaga!<\/strong> Link do drugiej cz\u0119\u015bci otrzyma tylko pierwsze 1355 os\u00f3b, kt\u00f3re najszybciej uko\u0144czy\u0142o ankiet\u0119 sprawdzaj\u0105c\u0105.<br \/>Pozosta\u0142e osoby otrzymaj\u0105 komunikat o wyczerpaniu limitu miejsc, przy czym kolejne 500 os\u00f3b b\u0119dzie mog\u0142o zapisa\u0107 si\u0119 na list\u0119 rezerwow\u0105. <br \/>Wi\u0119cej na temat zasad funkcjonowania listy rezerwowej mo\u017cesz przeczyta\u0107 w <a href=\"https:\/\/projekt.pociagdokariery.pl\/cms\/wiadomosci\/zasady-funkcjonowania-list-rezerwowych\/\">osobnym artykule<\/a>\u00a0i w <a href=\"https:\/\/projekt.pociagdokariery.pl\/storage\/shares\/Ma\u0142opolski poci\u0105g do kariery - sezon 1\/Zasady_funkcjonowania_list_rezerwowych.pdf\" data-wplink-url-error=\"true\">za\u0142\u0105czniku<\/a> do regulaminu.<\/li><\/ol><p>Drugiej cz\u0119\u015bci zg\u0142oszenia nie musisz wype\u0142nia\u0107 od razu, <strong>masz na to 20 godzin<\/strong> od momentu wype\u0142nienia ankiety sprawdzaj\u0105cej (ale nie d\u0142u\u017cej ni\u017c do up\u0142ywu terminu rekrutacji). B\u0119dziesz musia\u0142 poda\u0107 tutaj mi\u0119dzy innymi: swoje imi\u0119 i nazwisko, numer PESEL, adres zamieszkania, numer telefonu, posiadane wykszta\u0142cenie, a je\u017celi pracujesz \u2013 poda\u0107 tak\u017ce wykonywany obecnie zaw\u00f3d, nazw\u0119 i adres zatrudnienia.<br \/>Wpisz wszystkie swoje dane uwa\u017cnie (u\u017cywaj\u0105c polskich znak\u00f3w). Imi\u0119 i nazwisko musz\u0105 by\u0107 zgodne z danymi zamieszczonymi w systemie podpisu elektronicznego, dane teleadresowe musz\u0105 by\u0107 aktualne.<\/p><p>Dopiero uko\u0144czenie drugiej cz\u0119\u015bci formularza (wype\u0142nienie kompletu danych osobowych) ko\u0144czy rejestracj\u0119.<br \/>Po poprawnym wype\u0142nieniu i zako\u0144czeniu formularza wy\u015bwietli si\u0119 komunikat o zapisaniu danych, a na sw\u00f3j adres mailowy otrzymasz wiadomo\u015b\u0107 z linkiem do ustawienia has\u0142a w Panelu Klienta. Znajdziesz tam uzupe\u0142niony przez Ciebie formularz zg\u0142oszeniowy. Sprawd\u017a go i podpisz podpisem elektronicznym.<br \/>Masz na to 14 dni.<br \/>Mo\u017cesz to zrobi\u0107 podpisem zaufanym (przy pomocy profilu zaufanego), podpisem osobistym (przy pomocy e-dowodu), lub kwalifikowanym podpisem elektronicznym). Jest to jedyny spos\u00f3b, w jaki mo\u017cesz podpisa\u0107 ten dokument.<\/p><p><strong>Uwaga!<\/strong><\/p><p>Komunikat \u201eTw\u00f3j PESEL bierze udzia\u0142 w projekcie\u201d podczas wype\u0142niania formularza zg\u0142oszeniowego oznacza, \u017ce jeste\u015b ju\u017c zarejestrowany i nie mo\u017cesz ponownie zg\u0142osi\u0107 si\u0119 do projektu.<br \/>Sprawd\u017a, czy podajesz prawid\u0142owy numer PESEL. W razie w\u0105tpliwo\u015bci napisz na:\u00a0<a href=\"mailto:kariera@wup-krakow.pl\">kariera@wup-krakow.pl<\/a>.<\/p>\t\t\t\t\t\t\t\t<\/div>\n\t\t\t\t<\/div>\n\t\t\t\t<div class=\"elementor-element elementor-element-2914e21a elementor-widget elementor-widget-text-editor\" data-id=\"2914e21a\" data-element_type=\"widget\" data-e-type=\"widget\" data-widget_type=\"text-editor.default\">\n\t\t\t\t<div class=\"elementor-widget-container\">\n\t\t\t\t\t\t\t\t\t<h4>Rejestracja telefoniczna lub mailowa dla os\u00f3b z niepe\u0142nosprawno\u015bciami<\/h4><p>Bior\u0105c pod uwag\u0119 szczeg\u00f3lne potrzeby os\u00f3b z niepe\u0142nosprawno\u015bciami, <strong>wy\u0142\u0105cznie je\u017celi nie jeste\u015b w stanie samodzielnie wype\u0142ni\u0107 formularza na stronie,<\/strong> mo\u017cesz zg\u0142osi\u0107 si\u0119 za po\u015brednictwem po\u0142\u0105czenia telefonicznego lub mailowo.<\/p><p>Szczeg\u00f3\u0142owe zasady przyjmowania takich zg\u0142osze\u0144 opisano w artykule <a href=\"https:\/\/projekt.pociagdokariery.pl\/cms\/wiadomosci\/zgloszenia-osob-z-niepelnosprawnosciami-uniemozliwiajacymi-korzystanie-z-formularza-online\/\">Rekrutacja dla os\u00f3b z niepe\u0142nosprawno\u015bciami uniemo\u017cliwiaj\u0105cymi korzystanie z formularza online.<\/a><\/p>\t\t\t\t\t\t\t\t<\/div>\n\t\t\t\t<\/div>\n\t\t\t\t<div class=\"elementor-element elementor-element-695e1016 elementor-widget elementor-widget-text-editor\" data-id=\"695e1016\" data-element_type=\"widget\" data-e-type=\"widget\" data-widget_type=\"text-editor.default\">\n\t\t\t\t<div class=\"elementor-widget-container\">\n\t\t\t\t\t\t\t\t\t<h3>Zako\u0144czenie przyjmowania zg\u0142osze\u0144<\/h3><p>Rekrutacja potrwa do 16 marca 2026 lub do wcze\u015bniejszego wyczerpania limitu miejsc.<\/p><p>Informacja o braku miejsc zostanie podana na stronie internetowej projektu.<\/p><p>Decyduje kolejno\u015b\u0107 zg\u0142osze\u0144.<\/p><p>Przeczytaj tak\u017ce artyku\u0142 o <a href=\"https:\/\/projekt.pociagdokariery.pl\/cms\/wiadomosci\/zasady-funkcjonowania-list-rezerwowych\/\">zasadach funkcjonowania list rezerwowych<\/a>.<\/p>\t\t\t\t\t\t\t\t<\/div>\n\t\t\t\t<\/div>\n\t\t\t\t<div class=\"elementor-element elementor-element-11816da elementor-widget elementor-widget-text-editor\" data-id=\"11816da\" data-element_type=\"widget\" data-e-type=\"widget\" data-widget_type=\"text-editor.default\">\n\t\t\t\t<div class=\"elementor-widget-container\">\n\t\t\t\t\t\t\t\t\t<h5>Pami\u0119taj!<\/h5><ul><li><strong>us\u0142ugi rozwojowe nale\u017cy zrealizowa\u0107 do 30 wrze\u015bnia 2026 roku!<\/strong>\u00a0(termin wa\u017cno\u015bci bon\u00f3w);<\/li><li>w kolejnych rekrutacjach do projektu \u201eMa\u0142opolski poci\u0105g do kariery \u2013 sezon 1\u201d nie mog\u0105 bra\u0107 udzia\u0142u osoby, kt\u00f3re s\u0105 ju\u017c zarejestrowane w projekcie. <strong>Uczestnikiem projektu mo\u017cna by\u0107 tylko jeden raz.<\/strong><\/li><li>podczas przyjmowania zg\u0142osze\u0144 udzia\u0142u nie wymagamy u\u017cycia podpisu elektronicznego. B\u0119dzie on jednak potrzebny do podpisania dokument\u00f3w projektowych, w tym formularza zg\u0142oszeniowego w ci\u0105gu 14 dni od jego wype\u0142nienia. Pami\u0119taj, \u017ce popularn\u0105 i bezp\u0142atn\u0105 form\u0105 podpisu elektronicznego jest podpis z wykorzystaniem profilu zaufanego.<br \/>Profil zaufany za\u0142o\u017cysz w\u00a0<a href=\"https:\/\/www.gov.pl\/web\/profilzaufany\">serwisie Rzeczypospolitej Polskiej (gov.pl)<\/a>.<\/li><li>osoby z niepe\u0142nosprawno\u015bciami, kt\u00f3re zg\u0142aszaj\u0105 si\u0119 do projektu, nie musz\u0105 pracowa\u0107. Nie mog\u0105 natomiast prowadzi\u0107 dzia\u0142alno\u015bci gospodarczej.<br \/>B\u0119dziesz musia\u0142 dostarczy\u0107 kserokopi\u0119 orzeczenia o niepe\u0142nosprawno\u015bci lub orygina\u0142 za\u015bwiadczenia potwierdzaj\u0105cego status osoby z zaburzeniami psychicznymi (w rozumieniu ustawy z dnia 19 sierpnia 1994 r. o ochronie zdrowia psychicznego).<\/li><li>obecno\u015b\u0107 na li\u015bcie rezerwowej <strong>nie gwarantuje<\/strong> przyst\u0105pienia do projektu i otrzymania dofinansowania do szkole\u0144.<\/li><\/ul><p>Dowiedz si\u0119 wi\u0119cej o projekcie w artykule\u00a0<a href=\"https:\/\/projekt.pociagdokariery.pl\/cms\/szczegoly-naszej-oferty\/\" target=\"_blank\" rel=\"noopener\">\u201eSzczeg\u00f3\u0142y naszej oferty\u201d<\/a>.<\/p><p>Wszystkie informacje istotne dla kandydat\u00f3w i uczestnik\u00f3w projektu znajdziesz w sekcji\u00a0<a href=\"https:\/\/projekt.pociagdokariery.pl\/cms\/dla-uczestnika-projektu\/\" target=\"_blank\" rel=\"noopener\">\u201eDla Uczestnika projektu\u201d<\/a>.<\/p><p>Terminy nast\u0119pnych rekrutacji podane s\u0105 w\u00a0<a href=\"https:\/\/projekt.pociagdokariery.pl\/cms\/dla-uczestnika-projektu\/harmonogram-rekrutacji\/\" target=\"_blank\" rel=\"noopener\">Harmonogramie rekrutacji<\/a>. Zach\u0119camy r\u00f3wnie\u017c do \u015bledzenia\u00a0<a href=\"https:\/\/projekt.pociagdokariery.pl\/cms\/aktualnosci\/\" target=\"_blank\" rel=\"noopener\">aktualno\u015bci<\/a>.<\/p>\t\t\t\t\t\t\t\t<\/div>\n\t\t\t\t<\/div>\n\t\t\t\t<div class=\"elementor-element elementor-element-55943195 elementor-widget elementor-widget-text-editor\" data-id=\"55943195\" data-element_type=\"widget\" data-e-type=\"widget\" data-widget_type=\"text-editor.default\">\n\t\t\t\t<div class=\"elementor-widget-container\">\n\t\t\t\t\t\t\t\t\t<h3>Informacja o finansowaniu Projektu<\/h3><p>Projekt Wojew\u00f3dzkiego Urz\u0119du Pracy w Krakowie pn. \u201eMa\u0142opolski poci\u0105g do kariery \u2013 sezon 1\u2033 realizowany w ramach programu \u201eFundusze Europejskie dla Ma\u0142opolski 2021-2027\u2033, Priorytet 6 Fundusze europejskie dla rynku pracy, edukacji i w\u0142\u0105czenia spo\u0142ecznego, Dzia\u0142anie 6.14 Kszta\u0142cenie os\u00f3b doros\u0142ych w systemie popytowym, typ A, jest wsp\u00f3\u0142finansowany przez Uni\u0119 Europejsk\u0105 ze \u015brodk\u00f3w Europejskiego Funduszu Spo\u0142ecznego Plus.<\/p><p>Warto\u015b\u0107 projektu: 110 000 000,00 z\u0142, w tym: wk\u0142ad funduszy europejskich: 93 500 000,00 z\u0142, wk\u0142ad bud\u017cetu pa\u0144stwa: 11 000 000,00 z\u0142.<\/p>\t\t\t\t\t\t\t\t<\/div>\n\t\t\t\t<\/div>\n\t\t\t\t\t<\/div>\n\t\t\t\t<\/div>\n\t\t<div class=\"elementor-element elementor-element-a21dc3e e-flex e-con-boxed e-con e-parent\" data-id=\"a21dc3e\" data-element_type=\"container\" data-e-type=\"container\">\n\t\t\t\t\t<div class=\"e-con-inner\">\n\t\t<div class=\"elementor-element elementor-element-6c9bce3d e-con-full e-flex e-con e-child\" data-id=\"6c9bce3d\" data-element_type=\"container\" data-e-type=\"container\">\n\t\t\t\t<div class=\"elementor-element elementor-element-5051b28c e-grid-align-left elementor-shape-rounded elementor-grid-0 elementor-widget elementor-widget-social-icons\" data-id=\"5051b28c\" data-element_type=\"widget\" data-e-type=\"widget\" data-widget_type=\"social-icons.default\">\n\t\t\t\t<div class=\"elementor-widget-container\">\n\t\t\t\t\t\t\t<div class=\"elementor-social-icons-wrapper elementor-grid\">\n\t\t\t\t\t\t\t<span class=\"elementor-grid-item\">\n\t\t\t\t\t<a class=\"elementor-icon elementor-social-icon elementor-social-icon-share-alt elementor-repeater-item-0db8a3f\" target=\"_blank\">\n\t\t\t\t\t\t<span class=\"elementor-screen-only\">Share-alt<\/span>\n\t\t\t\t\t\t<svg aria-hidden=\"true\" class=\"e-font-icon-svg e-fas-share-alt\" viewBox=\"0 0 448 512\" xmlns=\"http:\/\/www.w3.org\/2000\/svg\"><path d=\"M352 320c-22.608 0-43.387 7.819-59.79 20.895l-102.486-64.054a96.551 96.551 0 0 0 0-41.683l102.486-64.054C308.613 184.181 329.392 192 352 192c53.019 0 96-42.981 96-96S405.019 0 352 0s-96 42.981-96 96c0 7.158.79 14.13 2.276 20.841L155.79 180.895C139.387 167.819 118.608 160 96 160c-53.019 0-96 42.981-96 96s42.981 96 96 96c22.608 0 43.387-7.819 59.79-20.895l102.486 64.054A96.301 96.301 0 0 0 256 416c0 53.019 42.981 96 96 96s96-42.981 96-96-42.981-96-96-96z\"><\/path><\/svg>\t\t\t\t\t<\/a>\n\t\t\t\t<\/span>\n\t\t\t\t\t<\/div>\n\t\t\t\t\t\t<\/div>\n\t\t\t\t<\/div>\n\t\t\t\t<\/div>\n\t\t\t\t\t<\/div>\n\t\t\t\t<\/div>\n\t\t\t\t<\/div>\n\t\t","protected":false},"featured_media":8385,"template":"","meta":{"_acf_changed":false,"site-sidebar-layout":"no-sidebar","site-content-layout":"page-builder","ast-site-content-layout":"full-width-container","site-content-style":"default","site-sidebar-style":"default","ast-global-header-display":"","ast-banner-title-visibility":"","ast-main-header-display":"","ast-hfb-above-header-display":"","ast-hfb-below-header-display":"","ast-hfb-mobile-header-display":"","site-post-title":"disabled","ast-breadcrumbs-content":"","ast-featured-img":"disabled","footer-sml-layout":"","ast-disable-related-posts":"","theme-transparent-header-meta":"","adv-header-id-meta":"","stick-header-meta":"","header-above-stick-meta":"","header-main-stick-meta":"","header-below-stick-meta":"","astra-migrate-meta-layouts":"set","ast-page-background-enabled":"default","ast-page-background-meta":{"desktop":{"background-color":"var(--ast-global-color-4)","background-image":"","background-repeat":"repeat","background-position":"center center","background-size":"auto","background-attachment":"scroll","background-type":"","background-media":"","overlay-type":"","overlay-color":"","overlay-opacity":"","overlay-gradient":""},"tablet":{"background-color":"","background-image":"","background-repeat":"repeat","background-position":"center center","background-size":"auto","background-attachment":"scroll","background-type":"","background-media":"","overlay-type":"","overlay-color":"","overlay-opacity":"","overlay-gradient":""},"mobile":{"background-color":"","background-image":"","background-repeat":"repeat","background-position":"center center","background-size":"auto","background-attachment":"scroll","background-type":"","background-media":"","overlay-type":"","overlay-color":"","overlay-opacity":"","overlay-gradient":""}},"ast-content-background-meta":{"desktop":{"background-color":"var(--ast-global-color-5)","background-image":"","background-repeat":"repeat","background-position":"center center","background-size":"auto","background-attachment":"scroll","background-type":"","background-media":"","overlay-type":"","overlay-color":"","overlay-opacity":"","overlay-gradient":""},"tablet":{"background-color":"var(--ast-global-color-5)","background-image":"","background-repeat":"repeat","background-position":"center center","background-size":"auto","background-attachment":"scroll","background-type":"","background-media":"","overlay-type":"","overlay-color":"","overlay-opacity":"","overlay-gradient":""},"mobile":{"background-color":"var(--ast-global-color-5)","background-image":"","background-repeat":"repeat","background-position":"center center","background-size":"auto","background-attachment":"scroll","background-type":"","background-media":"","overlay-type":"","overlay-color":"","overlay-opacity":"","overlay-gradient":""}}},"class_list":["post-10701","wiadomosci","type-wiadomosci","status-publish","has-post-thumbnail","hentry"],"acf":[],"_links":{"self":[{"href":"https:\/\/projekt.pociagdokariery.pl\/cms\/wp-json\/wp\/v2\/wiadomosci\/10701","targetHints":{"allow":["GET"]}}],"collection":[{"href":"https:\/\/projekt.pociagdokariery.pl\/cms\/wp-json\/wp\/v2\/wiadomosci"}],"about":[{"href":"https:\/\/projekt.pociagdokariery.pl\/cms\/wp-json\/wp\/v2\/types\/wiadomosci"}],"version-history":[{"count":4,"href":"https:\/\/projekt.pociagdokariery.pl\/cms\/wp-json\/wp\/v2\/wiadomosci\/10701\/revisions"}],"predecessor-version":[{"id":10705,"href":"https:\/\/projekt.pociagdokariery.pl\/cms\/wp-json\/wp\/v2\/wiadomosci\/10701\/revisions\/10705"}],"wp:featuredmedia":[{"embeddable":true,"href":"https:\/\/projekt.pociagdokariery.pl\/cms\/wp-json\/wp\/v2\/media\/8385"}],"wp:attachment":[{"href":"https:\/\/projekt.pociagdokariery.pl\/cms\/wp-json\/wp\/v2\/media?parent=10701"}],"curies":[{"name":"wp","href":"https:\/\/api.w.org\/{rel}","templated":true}]}}