{"id":11033,"date":"2026-04-28T16:12:43","date_gmt":"2026-04-28T14:12:43","guid":{"rendered":"https:\/\/projekt.pociagdokariery.pl\/cms\/?post_type=wiadomosci&#038;p=11033"},"modified":"2026-04-29T16:00:10","modified_gmt":"2026-04-29T14:00:10","slug":"blizej-ludzkich-spraw","status":"publish","type":"wiadomosci","link":"https:\/\/projekt.pociagdokariery.pl\/cms\/wiadomosci\/blizej-ludzkich-spraw\/","title":{"rendered":"Bli\u017cej ludzkich spraw"},"content":{"rendered":"\t\t<div data-elementor-type=\"wp-post\" data-elementor-id=\"11033\" class=\"elementor elementor-11033\">\n\t\t\t\t<div class=\"elementor-element elementor-element-260dca5f e-con-full e-flex e-con e-parent\" data-id=\"260dca5f\" data-element_type=\"container\" data-e-type=\"container\">\n\t\t\t\t<div class=\"elementor-element elementor-element-145a1b5e elementor-widget elementor-widget-heading\" data-id=\"145a1b5e\" data-element_type=\"widget\" data-e-type=\"widget\" data-widget_type=\"heading.default\">\n\t\t\t\t<div class=\"elementor-widget-container\">\n\t\t\t\t\t<h2 class=\"elementor-heading-title elementor-size-default\">Bli\u017cej ludzkich spraw<\/h2>\t\t\t\t<\/div>\n\t\t\t\t<\/div>\n\t\t\t\t<div class=\"elementor-element elementor-element-1844aa78 elementor-widget-divider--view-line elementor-widget elementor-widget-divider\" data-id=\"1844aa78\" data-element_type=\"widget\" data-e-type=\"widget\" data-widget_type=\"divider.default\">\n\t\t\t\t<div class=\"elementor-widget-container\">\n\t\t\t\t\t\t\t<div class=\"elementor-divider\">\n\t\t\t<span class=\"elementor-divider-separator\">\n\t\t\t\t\t\t<\/span>\n\t\t<\/div>\n\t\t\t\t\t\t<\/div>\n\t\t\t\t<\/div>\n\t\t\t\t<div class=\"elementor-element elementor-element-14fe1ee8 elementor-widget elementor-widget-text-editor\" data-id=\"14fe1ee8\" data-element_type=\"widget\" data-e-type=\"widget\" data-widget_type=\"text-editor.default\">\n\t\t\t\t<div class=\"elementor-widget-container\">\n\t\t\t\t\t\t\t\t\t<p>Data publikacji: 2026-04-28<\/p>\t\t\t\t\t\t\t\t<\/div>\n\t\t\t\t<\/div>\n\t\t\t\t<\/div>\n\t\t<div class=\"elementor-element elementor-element-35e48443 elementor-hidden-mobile e-flex e-con-boxed e-con e-parent\" data-id=\"35e48443\" data-element_type=\"container\" data-e-type=\"container\" data-settings=\"{&quot;background_background&quot;:&quot;classic&quot;}\">\n\t\t\t\t\t<div class=\"e-con-inner\">\n\t\t\t\t<div class=\"elementor-element elementor-element-6d67a0cf elementor-widget elementor-widget-spacer\" data-id=\"6d67a0cf\" data-element_type=\"widget\" data-e-type=\"widget\" data-widget_type=\"spacer.default\">\n\t\t\t\t<div class=\"elementor-widget-container\">\n\t\t\t\t\t\t\t<div class=\"elementor-spacer\">\n\t\t\t<div class=\"elementor-spacer-inner\"><\/div>\n\t\t<\/div>\n\t\t\t\t\t\t<\/div>\n\t\t\t\t<\/div>\n\t\t\t\t\t<\/div>\n\t\t\t\t<\/div>\n\t\t<div class=\"elementor-element elementor-element-1b6cc416 e-flex e-con-boxed e-con e-parent\" data-id=\"1b6cc416\" data-element_type=\"container\" data-e-type=\"container\">\n\t\t\t\t\t<div class=\"e-con-inner\">\n\t\t\t\t<div class=\"elementor-element elementor-element-58c696fe elementor-widget elementor-widget-text-editor\" data-id=\"58c696fe\" data-element_type=\"widget\" data-e-type=\"widget\" data-widget_type=\"text-editor.default\">\n\t\t\t\t<div class=\"elementor-widget-container\">\n\t\t\t\t\t\t\t\t\t<p><strong>Nie trzeba nikogo przekonywa\u0107, \u017ce podnoszenie kompetencji i kwalifikacji to znak naszych czas\u00f3w. Wojew\u00f3dzki Urz\u0105d Pracy w Krakowie od wielu lat &#8211; od pierwszych dni realizacji projektu \u201eMa\u0142opolski poci\u0105g do kariery &#8211; sezon 1\u201d &#8211; zach\u0119ca do rozwoju zawodowego poprzez zdobywania nowych kompetencji i kwalifikacji.<\/strong><\/p>\t\t\t\t\t\t\t\t<\/div>\n\t\t\t\t<\/div>\n\t\t\t\t<div class=\"elementor-element elementor-element-30fcd074 elementor-widget elementor-widget-text-editor\" data-id=\"30fcd074\" data-element_type=\"widget\" data-e-type=\"widget\" data-widget_type=\"text-editor.default\">\n\t\t\t\t<div class=\"elementor-widget-container\">\n\t\t\t\t\t\t\t\t\t<p>\u015awiadomo\u015b\u0107 w\u0142asnych kompetencji, budowanie swojej marki zawodowej i potrzeby nieustannej edukacji sta\u0142y si\u0119 fundamentem dzia\u0142a\u0144 promuj\u0105cych ide\u0119 longlife learning &#8211; uczenia si\u0119 przez ca\u0142e \u017cycie: od edukacji formalnej przez szkolenia zawodowe i samorozw\u00f3j. W\u0142a\u015bnie upowszechnianie informacji o mo\u017cliwo\u015bciach rozwoju zawodowego, jakie daje \u201eMa\u0142opolski poci\u0105g do kariery &#8211; sezon 1\u201d sta\u0142y si\u0119 g\u0142\u00f3wnym celem kolejnego, ju\u017c pi\u0105tego w tym projekcie, cyklu spotka\u0144 dedykowanych Ma\u0142opolanom.<\/p>\t\t\t\t\t\t\t\t<\/div>\n\t\t\t\t<\/div>\n\t\t\t\t<div class=\"elementor-element elementor-element-464317b elementor-widget elementor-widget-text-editor\" data-id=\"464317b\" data-element_type=\"widget\" data-e-type=\"widget\" data-widget_type=\"text-editor.default\">\n\t\t\t\t<div class=\"elementor-widget-container\">\n\t\t\t\t\t\t\t\t\t<h3><strong>Spotkania, kt\u00f3re przekroczy\u0142y oczekiwania<\/strong><\/h3><p>Realizuj\u0105c kolejny cykl spotka\u0144 zastanawiali\u015bmy si\u0119 czy takie spotkania nadal s\u0105 \u00a0potrzebne. Zainteresowanie projektem w\u015br\u00f3d mieszka\u0144c\u00f3w Ma\u0142opolski od dawna przekracza\u0142o \u00a0nasze oczekiwania, a nawet mo\u017cliwo\u015bci organizacyjne. Co wi\u0119cej, kolejne dzia\u0142ania promocyjne tylko zwi\u0119kszaj\u0105 liczb\u0119 os\u00f3b zainteresowanych dofinansowaniem.<\/p><p>Nasze w\u0105tpliwo\u015bci szybko zosta\u0142y rozwiane: <br \/><strong>Mit<\/strong>: nie ma w Ma\u0142opolsce osoby, kt\u00f3ra nie zna projektu \u201eMa\u0142opolski poci\u0105g do kariery sezon 1\u201d. <br \/><strong>Fakt<\/strong>: wiele os\u00f3b skorzysta\u0142o z projektu lub czeka na kolejne terminy rekrutacji, ale nadal \u00a0spotykali\u015bmy osoby, kt\u00f3re nigdy wcze\u015bniej nie korzysta\u0142y z dofinansowania do szkole\u0144 lub w og\u00f3le nie wiedzia\u0142y o takich mo\u017cliwo\u015bciach.<\/p>\t\t\t\t\t\t\t\t<\/div>\n\t\t\t\t<\/div>\n\t\t\t\t<div class=\"elementor-element elementor-element-9c71735 elementor-widget elementor-widget-text-editor\" data-id=\"9c71735\" data-element_type=\"widget\" data-e-type=\"widget\" data-widget_type=\"text-editor.default\">\n\t\t\t\t<div class=\"elementor-widget-container\">\n\t\t\t\t\t\t\t\t\t<h3><strong>Skala dzia\u0142a\u0144<\/strong><\/h3><p>Pocz\u0105tkowo planowali\u015bmy, \u017ce w okresie stycze\u0144 &#8211; luty 2026 r. zrealizujemy 10 spotka\u0144. Go\u015bcinno\u015b\u0107 instytucji, z kt\u00f3rymi wsp\u00f3\u0142pracujemy jak i potrzeba dzia\u0142a\u0144 informacyjnych sprawi\u0142a, \u017ce finalnie odby\u0142o si\u0119 ich blisko 30.<\/p><p>By\u0142 to bardzo intensywny czas. W okresie od stycznia do marca 2026 r. zrealizowali\u015bmy liczne spotkania promocyjne i \u015bwiadomo\u015bciowe (stacjonarne i online), a tak\u017ce stoiska promocyjno &#8211; informacyjne podczas wydarze\u0144 lokalnych w nast\u0119puj\u0105cych miastach\/miejscowo\u015bciach:<\/p><ul><li>Bochnia, w Kopalni Soli Bochnia,<\/li><li>Bochnia, w Zespole Szk\u00f3\u0142 nr. 3 w Bochni,<\/li><li>D\u0119bina &#8211; gmina Rzezawa, w \u015awietlicy Wiejskiej w D\u0119binie,<\/li><li>Dobra, w Urz\u0119dzie Gminy Dobra (we wsp\u00f3\u0142pracy z Gminnym O\u015brodkiem Kultury w Dobrej),<\/li><li>Gr\u0119bosz\u00f3w, Gminnym Centrum Kultury w Gr\u0119boszowie,<\/li><li>Igo\u0142omia &#8211; Wawrze\u0144czyce, w Centrum Kultury w Centrum Kultury i Promocji w Igo\u0142omii &#8211; Wawrze\u0144czycach,<\/li><li>Kokot\u00f3w &#8211; gmina Wieliczka, w \u015awietlicy \u015arodowiskowej w Kokotowie (we wsp\u00f3\u0142pracy z Stowarzyszeniem Nasz Kokot\u00f3w),<\/li><li>Korzenna, w Urz\u0119dzie Gminy Korzenna,<\/li><li>Krzeszowice, w Centrum Kultury i Sportu w Krzeszowicach,<\/li><li>Krynica Zdr\u00f3j, w Centrum Kultury w Krynicy &#8211; Zdroju,<\/li><li>Krynica Zdr\u00f3j, w Uzdrowiska Krynica-\u017begiest\u00f3w SA w Krynicy Zdroju,<\/li><li>Kro\u015bcienko nad Dunajcem, w Centrum Kultury w Kro\u015bcienku nad Dunajcem,<\/li><li>Kro\u015bcienko nad Dunajcem, w Urz\u0119dzie Gminy Kro\u015bcienko nad Dunajcem,<\/li><li>Krak\u00f3w, online z udzia\u0142em przedstawicieli Kuratorium O\u015bwiatowego w Krakowie,<\/li><li>Lanckorona, w Urz\u0119dzie Gminy Lanckorona,<\/li><li>Limanowa, w Niepublicznym Zak\u0142adzie Opieki Zdrowotnej w Limanowej,<\/li><li>Miech\u00f3w, w Punkcie Wojew\u00f3dzkiego Urz\u0119du Pracy w Krakowie,<\/li><li>Nowy Targ, w Urz\u0119dzie Miasta Nowy Targ (trzy spotkania),<\/li><li>Osielec, w Gminnym O\u015brodku Kultury, Sportu i Promocji w Jordanowie z siedzib\u0105 w Osielcu,<\/li><li>Podegrodzie, w O\u015brodku Pomocy Spo\u0142ecznej w Podegrodziu,<\/li><li>Proszowice, w Starostwie Powiatowym w Proszowicach,<\/li><li>Proszowice, w Przychodni Psychologiczno- Pedagogicznej w Proszowicach.<\/li><li>Szczawnica, w Urz\u0119dzie Miasta i Gminy Szczawnica,<\/li><li>Trzciana, w Gminnym Inkubatorze Przedsi\u0119biorczo\u015bci w Trzcianie,<\/li><li>Wi\u015bniowa, w Gminnym O\u015brodku Kultury i Sportu w Wi\u015bniowej,<\/li><li>Zembrzyce, stoisko podczas II Gali Biznesu \u201eSerce Gminy Zembrzyce\u201d<\/li><\/ul><p>\u0141\u0105cznie w wydarzeniach uczestniczy\u0142o ponad 550 os\u00f3b.<\/p><p>Spotkania odbywa\u0142y si\u0119 adekwatnie do propozycji instytucji, z kt\u00f3rymi wsp\u00f3\u0142organizowali\u015bmy &#8211; zar\u00f3wno w godzinach przedpo\u0142udniowych jak i popo\u0142udniowych czy wieczornych. Chc\u0105c dotrze\u0107 do os\u00f3b pracuj\u0105cych elastycznie dostosowywali\u015bmy harmonogram do mo\u017cliwo\u015bci naszych odbiorc\u00f3w. Wbrew stereotypowi, \u017ce \u201eurz\u0119dnik pracuje od 7.00 do 15.00\u201d nasza praktyka pokazuje co\u015b zupe\u0142nie innego! Wi\u0119kszo\u015bci instytucji, z kt\u00f3rymi od lat wsp\u00f3\u0142pracujemy ju\u017c nie dziwi fakt, \u017ce jeste\u015bmy otwarci na wsp\u00f3\u0142prac\u0119 i wsp\u00f3\u0142organizacj\u0119 spotka\u0144 w godzinach popo\u0142udniowych i wieczornych, a nawet w weekendy.<\/p>\t\t\t\t\t\t\t\t<\/div>\n\t\t\t\t<\/div>\n\t\t\t\t<div class=\"elementor-element elementor-element-1f5686c elementor-widget elementor-widget-image\" data-id=\"1f5686c\" data-element_type=\"widget\" data-e-type=\"widget\" data-widget_type=\"image.default\">\n\t\t\t\t<div class=\"elementor-widget-container\">\n\t\t\t\t\t\t\t\t\t\t\t\t\t\t\t<img fetchpriority=\"high\" decoding=\"async\" width=\"1024\" height=\"768\" src=\"https:\/\/projekt.pociagdokariery.pl\/cms\/wp-content\/uploads\/2026\/04\/2025IMG4-1024x768.jpg\" class=\"attachment-large size-large wp-image-11036\" alt=\"spotkanie lokalne z mieszka\u0144cami\" srcset=\"https:\/\/projekt.pociagdokariery.pl\/cms\/wp-content\/uploads\/2026\/04\/2025IMG4-1024x768.jpg 1024w, https:\/\/projekt.pociagdokariery.pl\/cms\/wp-content\/uploads\/2026\/04\/2025IMG4-300x225.jpg 300w, https:\/\/projekt.pociagdokariery.pl\/cms\/wp-content\/uploads\/2026\/04\/2025IMG4-768x576.jpg 768w, https:\/\/projekt.pociagdokariery.pl\/cms\/wp-content\/uploads\/2026\/04\/2025IMG4-1536x1152.jpg 1536w, https:\/\/projekt.pociagdokariery.pl\/cms\/wp-content\/uploads\/2026\/04\/2025IMG4-512x384.jpg 512w, https:\/\/projekt.pociagdokariery.pl\/cms\/wp-content\/uploads\/2026\/04\/2025IMG4.jpg 1600w\" sizes=\"(max-width: 1024px) 100vw, 1024px\" \/>\t\t\t\t\t\t\t\t\t\t\t\t\t\t\t<\/div>\n\t\t\t\t<\/div>\n\t\t\t\t<div class=\"elementor-element elementor-element-851b8b9 elementor-widget elementor-widget-text-editor\" data-id=\"851b8b9\" data-element_type=\"widget\" data-e-type=\"widget\" data-widget_type=\"text-editor.default\">\n\t\t\t\t<div class=\"elementor-widget-container\">\n\t\t\t\t\t\t\t\t\t<h3><strong>Ludzie, rozmowy, potrzeby<\/strong><\/h3><p>By\u0142 to bardzo intensywny czas: nie tylko tysi\u0105ce przejechanych kilometr\u00f3w, ale przede wszystkim bardzo owocnie sp\u0119dzonych kilkadziesi\u0105t godzin: wiele pyta\u0144 i niemal tyle\u017c samo odpowiedzi na temat mo\u017cliwo\u015bci rozwoju zawodowego, \u0142amania stereotyp\u00f3w, podejmowania nowych wyzwa\u0144 i wychodzenia z rutyny.<\/p><p>Szczeg\u00f3ln\u0105 uwag\u0119 kierowali\u015bmy do os\u00f3b w trudnej sytuacji na rynku pracy, os\u00f3b powy\u017cej 50 +, kobiet o ni\u017cszych kwalifikacjach oraz os\u00f3b z niepe\u0142nosprawno\u015bciami.<\/p><p>W\u015br\u00f3d uczestnik\u00f3w dominowa\u0142y kobiety, kt\u00f3re zwykle skutecznie \u0142\u0105cz\u0105 prac\u0119 zawodow\u0105 z \u017cyciem rodzinnym i do tego nierzadko aktywnie anga\u017cuj\u0105 si\u0119 spo\u0142ecznie, dzia\u0142aj\u0105c w organizacjach pozarz\u0105dowych, szkolnych Radach Rodzic\u00f3w czy Lokalnych O\u015brodkach Wiedzy i Edukacji <a href=\"https:\/\/www.gov.pl\/web\/edukacja\/lowe\">LOWE &#8211; Ministerstwo Edukacji Narodowej &#8211; Portal Gov.pl<\/a>.<\/p><p>M\u0119\u017cczy\u017ani r\u00f3wnie\u017c aktywnie uczestniczyli w spotkaniach. Cz\u0119\u015bciej przychodzili na spotkania z gotowymi pomys\u0142ami na sw\u00f3j rozw\u00f3j zawodowy oczekuj\u0105c potwierdzenia, \u017ce okre\u015blone szkolenia s\u0105 realne do realizacji z dofinansowaniem w ramach projektu \u201eMa\u0142opolski poci\u0105g do kariery sezon 1\u201d i jak skutecznie przej\u015b\u0107 proces rekrutacji. Kobiety natomiast cz\u0119\u015bciej poszukiwa\u0142y inspiracji i motywacji do zmiany.<\/p>\t\t\t\t\t\t\t\t<\/div>\n\t\t\t\t<\/div>\n\t\t\t\t<div class=\"elementor-element elementor-element-6da59d4 elementor-widget elementor-widget-text-editor\" data-id=\"6da59d4\" data-element_type=\"widget\" data-e-type=\"widget\" data-widget_type=\"text-editor.default\">\n\t\t\t\t<div class=\"elementor-widget-container\">\n\t\t\t\t\t\t\t\t\t<h3><strong>Doradztwo i kompetencje<\/strong><\/h3><p>Istotnym tematem by\u0142a r\u00f3wnie\u017c dost\u0119pno\u015b\u0107-poradnictwa zawodowego &#8211; zar\u00f3wno w ramach projektu, jak i w sta\u0142ej ofercie Wojew\u00f3dzkiego Urz\u0119du Pracy w Krakowie w tym Centr\u00f3w Poradnictwa Zawodowego w Krakowie i Zespo\u0142ach Zamiejscowych w O\u015bwi\u0119cimiu, Tarnowie i Nowym S\u0105czu.<\/p><p>Przedstawiciele instytucji, z kt\u00f3rymi wsp\u00f3\u0142pracowali\u015bmy w zakresie realizacji opisywanych wydarze\u0144 jak i uczestnicy, cz\u0119sto podkre\u015blali, \u017ce s\u0105 \u015bwiadomi konieczno\u015bci rozwoju. Jednak w nat\u0142oku codziennych obowi\u0105zk\u00f3w\u00a0 trudno im nad\u0105\u017ca\u0107 za zmieniaj\u0105cym si\u0119 rynkiem pracy.<\/p><p>Udzia\u0142 w naszych spotkaniach i szereg informacji o mo\u017cliwo\u015bciach rozwoju zawodowego cz\u0119sto by\u0142 t\u0105 chwil\u0105, kiedy uczestnicy u\u015bwiadamiali sobie, \u017ce :najlepszy moment na dzia\u0142anie jest w\u0142a\u015bnie teraz\u201d.<\/p>\t\t\t\t\t\t\t\t<\/div>\n\t\t\t\t<\/div>\n\t\t\t\t<div class=\"elementor-element elementor-element-b7ba7af elementor-widget elementor-widget-text-editor\" data-id=\"b7ba7af\" data-element_type=\"widget\" data-e-type=\"widget\" data-widget_type=\"text-editor.default\">\n\t\t\t\t<div class=\"elementor-widget-container\">\n\t\t\t\t\t\t\t\t\t<h3><strong>Kompetencje mi\u0119kkie i refleksja<\/strong><\/h3><p>Podczas spotka\u0144 i niezliczonej ilo\u015bci pyta\u0144 o dost\u0119pno\u015b\u0107 specjalistycznych us\u0142ug doradczych cz\u0119sto poruszany by\u0142 temat umiej\u0119tno\u015bci mi\u0119kkich trudnych do zmierzenia ale kluczowych w \u017cyciu zawodowym i spo\u0142ecznym. Uczestnicy spotka\u0144 niejednokrotnie zwracali uwag\u0119 na to, \u017ce niekoniecznie maj\u0105 \u015bwiadomo\u015b\u0107 jak wiele kompetencji posiadaj\u0105 i jaki to ma wp\u0142yw na ich decyzje zawodowe oraz, \u017ce to w\u0142a\u015bnie kompetencje mi\u0119kkie determinuj\u0105, jak zachowujemy si\u0119 w r\u00f3\u017cnych sytuacjach spo\u0142ecznych i jak reagujemy na bod\u017ace. Cz\u0119sto pada\u0142y stwierdzenia, \u017ce radzenie sobie ze stresem, czy zarz\u0105dzanie swoim czasem to ci\u0105gle obszary nad kt\u00f3rymi warto pracowa\u0107.<\/p><p>W\u0142a\u015bnie dlatego tak istotne jest upowszechnianie informacji o mo\u017cliwo\u015bciach nieodp\u0142atnego korzystania z indywidualnego poradnictwa zawodowego czy udzia\u0142u w r\u00f3\u017cnorodnych warsztatach i zaj\u0119ciach grupowych.<\/p><p>Podsumowuj\u0105c kolejny cykl naszych dzia\u0142a\u0144, realizowanych w ca\u0142ej Ma\u0142opolsce, we wsp\u00f3\u0142pracy z licznymi instytucjami i organizacjami, mo\u017cemy powiedzie\u0107, \u017ce to by\u0142 owocnie sp\u0119dzony czas &#8211; zar\u00f3wno dla nas jak i wszystkich os\u00f3b, kt\u00f3re skorzysta\u0142y z naszej oferty.<\/p><p>Obecnie planujemy kolejny cykl spotka\u0144 &#8211; tym razem po\u015bwi\u0119cony rozwojowi zawodowemu i osobistemu oraz aktualnym trendom na rynku pracy. Ju\u017c dzi\u015b zapraszamy do wsp\u00f3\u0142pracy w organizacji wydarze\u0144. \u00a0To te\u017c od Pa\u0144stwa zale\u017cy, w jakich miejscowo\u015bciach si\u0119 spotkamy.<\/p>\t\t\t\t\t\t\t\t<\/div>\n\t\t\t\t<\/div>\n\t\t\t\t<div class=\"elementor-element elementor-element-0d856d5 elementor-position-left elementor-vertical-align-top elementor-widget elementor-widget-image-box\" data-id=\"0d856d5\" data-element_type=\"widget\" data-e-type=\"widget\" data-widget_type=\"image-box.default\">\n\t\t\t\t<div class=\"elementor-widget-container\">\n\t\t\t\t\t<div class=\"elementor-image-box-wrapper\"><figure class=\"elementor-image-box-img\"><img decoding=\"async\" width=\"1200\" height=\"1233\" src=\"https:\/\/projekt.pociagdokariery.pl\/cms\/wp-content\/uploads\/2026\/01\/kliss.jpg\" class=\"attachment-full size-full wp-image-10228\" alt=\"\" srcset=\"https:\/\/projekt.pociagdokariery.pl\/cms\/wp-content\/uploads\/2026\/01\/kliss.jpg 1200w, https:\/\/projekt.pociagdokariery.pl\/cms\/wp-content\/uploads\/2026\/01\/kliss-292x300.jpg 292w, https:\/\/projekt.pociagdokariery.pl\/cms\/wp-content\/uploads\/2026\/01\/kliss-997x1024.jpg 997w, https:\/\/projekt.pociagdokariery.pl\/cms\/wp-content\/uploads\/2026\/01\/kliss-768x789.jpg 768w, https:\/\/projekt.pociagdokariery.pl\/cms\/wp-content\/uploads\/2026\/01\/kliss-512x526.jpg 512w\" sizes=\"(max-width: 1200px) 100vw, 1200px\" \/><\/figure><div class=\"elementor-image-box-content\"><h4 class=\"elementor-image-box-title\">Autor: Katarzyna Lis<\/h4><p class=\"elementor-image-box-description\">G\u0142\u00f3wny specjalista ds. wsp\u00f3\u0142pracy lokalnej &amp; informacji i promocji,\n\nWojew\u00f3dzki Urz\u0105d Pracy w Krakowie<\/p><\/div><\/div>\t\t\t\t<\/div>\n\t\t\t\t<\/div>\n\t\t\t\t<div class=\"elementor-element elementor-element-2506c5c elementor-widget elementor-widget-spacer\" data-id=\"2506c5c\" data-element_type=\"widget\" data-e-type=\"widget\" data-widget_type=\"spacer.default\">\n\t\t\t\t<div class=\"elementor-widget-container\">\n\t\t\t\t\t\t\t<div class=\"elementor-spacer\">\n\t\t\t<div class=\"elementor-spacer-inner\"><\/div>\n\t\t<\/div>\n\t\t\t\t\t\t<\/div>\n\t\t\t\t<\/div>\n\t\t\t\t<div class=\"elementor-element elementor-element-b4a0086 elementor-widget elementor-widget-text-editor\" data-id=\"b4a0086\" data-element_type=\"widget\" data-e-type=\"widget\" data-widget_type=\"text-editor.default\">\n\t\t\t\t<div class=\"elementor-widget-container\">\n\t\t\t\t\t\t\t\t\t<p>Dodatkowo, <strong>zach\u0119camy do odwiedzenia<\/strong> naszego nowego <a href=\"http:\/\/rozwijamsie.pociagdokariery.pl\" target=\"_blank\" rel=\"noopener\">Serwisu &#8211; Rozwijam Si\u0119<\/a>, gdzie publikujemy tre\u015bci dotycz\u0105ce rozwoju zawodowego oraz uczenia si\u0119 przez ca\u0142e \u017cycie.<\/p>\t\t\t\t\t\t\t\t<\/div>\n\t\t\t\t<\/div>\n\t\t\t\t\t<\/div>\n\t\t\t\t<\/div>\n\t\t<div class=\"elementor-element elementor-element-177c0495 e-flex e-con-boxed e-con e-parent\" data-id=\"177c0495\" data-element_type=\"container\" data-e-type=\"container\">\n\t\t\t\t\t<div class=\"e-con-inner\">\n\t\t<div class=\"elementor-element elementor-element-610b3f97 e-con-full e-flex e-con e-child\" data-id=\"610b3f97\" data-element_type=\"container\" data-e-type=\"container\">\n\t\t\t\t<div class=\"elementor-element elementor-element-7bd56502 e-grid-align-left elementor-shape-rounded elementor-grid-0 elementor-widget elementor-widget-social-icons\" data-id=\"7bd56502\" data-element_type=\"widget\" data-e-type=\"widget\" data-widget_type=\"social-icons.default\">\n\t\t\t\t<div class=\"elementor-widget-container\">\n\t\t\t\t\t\t\t<div class=\"elementor-social-icons-wrapper elementor-grid\">\n\t\t\t\t\t\t\t<span class=\"elementor-grid-item\">\n\t\t\t\t\t<a class=\"elementor-icon elementor-social-icon elementor-social-icon-share-alt elementor-repeater-item-0db8a3f\" href=\"https:\/\/www.facebook.com\/sharer\/sharer.php?u=projekt.pociagdokariery.pl\/cms\/wiadomosci\/blizej-ludzkich-spraw\/\" target=\"_blank\">\n\t\t\t\t\t\t<span class=\"elementor-screen-only\">Share-alt<\/span>\n\t\t\t\t\t\t<svg aria-hidden=\"true\" class=\"e-font-icon-svg e-fas-share-alt\" viewBox=\"0 0 448 512\" xmlns=\"http:\/\/www.w3.org\/2000\/svg\"><path d=\"M352 320c-22.608 0-43.387 7.819-59.79 20.895l-102.486-64.054a96.551 96.551 0 0 0 0-41.683l102.486-64.054C308.613 184.181 329.392 192 352 192c53.019 0 96-42.981 96-96S405.019 0 352 0s-96 42.981-96 96c0 7.158.79 14.13 2.276 20.841L155.79 180.895C139.387 167.819 118.608 160 96 160c-53.019 0-96 42.981-96 96s42.981 96 96 96c22.608 0 43.387-7.819 59.79-20.895l102.486 64.054A96.301 96.301 0 0 0 256 416c0 53.019 42.981 96 96 96s96-42.981 96-96-42.981-96-96-96z\"><\/path><\/svg>\t\t\t\t\t<\/a>\n\t\t\t\t<\/span>\n\t\t\t\t\t<\/div>\n\t\t\t\t\t\t<\/div>\n\t\t\t\t<\/div>\n\t\t\t\t<\/div>\n\t\t\t\t\t<\/div>\n\t\t\t\t<\/div>\n\t\t\t\t<\/div>\n\t\t","protected":false},"featured_media":11034,"template":"","meta":{"_acf_changed":false,"site-sidebar-layout":"no-sidebar","site-content-layout":"page-builder","ast-site-content-layout":"full-width-container","site-content-style":"default","site-sidebar-style":"default","ast-global-header-display":"","ast-banner-title-visibility":"","ast-main-header-display":"","ast-hfb-above-header-display":"","ast-hfb-below-header-display":"","ast-hfb-mobile-header-display":"","site-post-title":"disabled","ast-breadcrumbs-content":"","ast-featured-img":"disabled","footer-sml-layout":"","ast-disable-related-posts":"","theme-transparent-header-meta":"","adv-header-id-meta":"","stick-header-meta":"","header-above-stick-meta":"","header-main-stick-meta":"","header-below-stick-meta":"","astra-migrate-meta-layouts":"set","ast-page-background-enabled":"default","ast-page-background-meta":{"desktop":{"background-color":"var(--ast-global-color-4)","background-image":"","background-repeat":"repeat","background-position":"center center","background-size":"auto","background-attachment":"scroll","background-type":"","background-media":"","overlay-type":"","overlay-color":"","overlay-opacity":"","overlay-gradient":""},"tablet":{"background-color":"","background-image":"","background-repeat":"repeat","background-position":"center center","background-size":"auto","background-attachment":"scroll","background-type":"","background-media":"","overlay-type":"","overlay-color":"","overlay-opacity":"","overlay-gradient":""},"mobile":{"background-color":"","background-image":"","background-repeat":"repeat","background-position":"center center","background-size":"auto","background-attachment":"scroll","background-type":"","background-media":"","overlay-type":"","overlay-color":"","overlay-opacity":"","overlay-gradient":""}},"ast-content-background-meta":{"desktop":{"background-color":"var(--ast-global-color-5)","background-image":"","background-repeat":"repeat","background-position":"center center","background-size":"auto","background-attachment":"scroll","background-type":"","background-media":"","overlay-type":"","overlay-color":"","overlay-opacity":"","overlay-gradient":""},"tablet":{"background-color":"var(--ast-global-color-5)","background-image":"","background-repeat":"repeat","background-position":"center center","background-size":"auto","background-attachment":"scroll","background-type":"","background-media":"","overlay-type":"","overlay-color":"","overlay-opacity":"","overlay-gradient":""},"mobile":{"background-color":"var(--ast-global-color-5)","background-image":"","background-repeat":"repeat","background-position":"center center","background-size":"auto","background-attachment":"scroll","background-type":"","background-media":"","overlay-type":"","overlay-color":"","overlay-opacity":"","overlay-gradient":""}}},"class_list":["post-11033","wiadomosci","type-wiadomosci","status-publish","has-post-thumbnail","hentry"],"acf":[],"_links":{"self":[{"href":"https:\/\/projekt.pociagdokariery.pl\/cms\/wp-json\/wp\/v2\/wiadomosci\/11033","targetHints":{"allow":["GET"]}}],"collection":[{"href":"https:\/\/projekt.pociagdokariery.pl\/cms\/wp-json\/wp\/v2\/wiadomosci"}],"about":[{"href":"https:\/\/projekt.pociagdokariery.pl\/cms\/wp-json\/wp\/v2\/types\/wiadomosci"}],"version-history":[{"count":13,"href":"https:\/\/projekt.pociagdokariery.pl\/cms\/wp-json\/wp\/v2\/wiadomosci\/11033\/revisions"}],"predecessor-version":[{"id":11065,"href":"https:\/\/projekt.pociagdokariery.pl\/cms\/wp-json\/wp\/v2\/wiadomosci\/11033\/revisions\/11065"}],"wp:featuredmedia":[{"embeddable":true,"href":"https:\/\/projekt.pociagdokariery.pl\/cms\/wp-json\/wp\/v2\/media\/11034"}],"wp:attachment":[{"href":"https:\/\/projekt.pociagdokariery.pl\/cms\/wp-json\/wp\/v2\/media?parent=11033"}],"curies":[{"name":"wp","href":"https:\/\/api.w.org\/{rel}","templated":true}]}}