{"id":7813,"date":"2024-10-25T17:40:31","date_gmt":"2024-10-25T15:40:31","guid":{"rendered":"https:\/\/projekt.pociagdokariery.pl\/cms\/?post_type=wiadomosci&#038;p=7813"},"modified":"2024-10-25T17:52:19","modified_gmt":"2024-10-25T15:52:19","slug":"rekrutacja-dla-kobiet-od-4-listopada","status":"publish","type":"wiadomosci","link":"https:\/\/projekt.pociagdokariery.pl\/cms\/wiadomosci\/rekrutacja-dla-kobiet-od-4-listopada\/","title":{"rendered":"Rekrutacja dla kobiet od 4 listopada"},"content":{"rendered":"\t\t<div data-elementor-type=\"wp-post\" data-elementor-id=\"7813\" class=\"elementor elementor-7813\">\n\t\t\t\t<div class=\"elementor-element elementor-element-7cb3ed5e e-con-full e-flex e-con e-parent\" data-id=\"7cb3ed5e\" data-element_type=\"container\" data-e-type=\"container\">\n\t\t\t\t<div class=\"elementor-element elementor-element-1fa7abd0 elementor-widget elementor-widget-heading\" data-id=\"1fa7abd0\" data-element_type=\"widget\" data-e-type=\"widget\" data-widget_type=\"heading.default\">\n\t\t\t\t<div class=\"elementor-widget-container\">\n\t\t\t\t\t<h2 class=\"elementor-heading-title elementor-size-default\">Rekrutacja dla kobiet od 4 listopada<\/h2>\t\t\t\t<\/div>\n\t\t\t\t<\/div>\n\t\t\t\t<div class=\"elementor-element elementor-element-2a87a16b elementor-widget-divider--view-line elementor-widget elementor-widget-divider\" data-id=\"2a87a16b\" data-element_type=\"widget\" data-e-type=\"widget\" data-widget_type=\"divider.default\">\n\t\t\t\t<div class=\"elementor-widget-container\">\n\t\t\t\t\t\t\t<div class=\"elementor-divider\">\n\t\t\t<span class=\"elementor-divider-separator\">\n\t\t\t\t\t\t<\/span>\n\t\t<\/div>\n\t\t\t\t\t\t<\/div>\n\t\t\t\t<\/div>\n\t\t\t\t<div class=\"elementor-element elementor-element-6dce4a69 elementor-widget elementor-widget-text-editor\" data-id=\"6dce4a69\" data-element_type=\"widget\" data-e-type=\"widget\" data-widget_type=\"text-editor.default\">\n\t\t\t\t<div class=\"elementor-widget-container\">\n\t\t\t\t\t\t\t\t\t<p>Data publikacji: 2024-10-25<\/p>\t\t\t\t\t\t\t\t<\/div>\n\t\t\t\t<\/div>\n\t\t\t\t<\/div>\n\t\t<div class=\"elementor-element elementor-element-7498e9f1 elementor-hidden-mobile e-flex e-con-boxed e-con e-parent\" data-id=\"7498e9f1\" data-element_type=\"container\" data-e-type=\"container\" data-settings=\"{&quot;background_background&quot;:&quot;classic&quot;}\">\n\t\t\t\t\t<div class=\"e-con-inner\">\n\t\t\t\t<div class=\"elementor-element elementor-element-35e961ea elementor-widget elementor-widget-spacer\" data-id=\"35e961ea\" data-element_type=\"widget\" data-e-type=\"widget\" data-widget_type=\"spacer.default\">\n\t\t\t\t<div class=\"elementor-widget-container\">\n\t\t\t\t\t\t\t<div class=\"elementor-spacer\">\n\t\t\t<div class=\"elementor-spacer-inner\"><\/div>\n\t\t<\/div>\n\t\t\t\t\t\t<\/div>\n\t\t\t\t<\/div>\n\t\t\t\t\t<\/div>\n\t\t\t\t<\/div>\n\t\t<div class=\"elementor-element elementor-element-7d323d24 e-flex e-con-boxed e-con e-parent\" data-id=\"7d323d24\" data-element_type=\"container\" data-e-type=\"container\">\n\t\t\t\t\t<div class=\"e-con-inner\">\n\t\t\t\t<div class=\"elementor-element elementor-element-5bd2e54c elementor-widget elementor-widget-text-editor\" data-id=\"5bd2e54c\" data-element_type=\"widget\" data-e-type=\"widget\" data-widget_type=\"text-editor.default\">\n\t\t\t\t<div class=\"elementor-widget-container\">\n\t\t\t\t\t\t\t\t\t<div><p><strong>Ju\u017c 4 listopada 2024 roku, o godzinie 10:00 rusza kolejna rekrutacja do projektu \u201eMa\u0142opolski poci\u0105g do kariery \u2013 sezon 1\u201d.<\/strong><\/p><\/div><p>Tym razem do projektu b\u0119d\u0105 mog\u0142y przyst\u0105pi\u0107<strong> TYLKO kobiety z wykszta\u0142ceniem nie wy\u017cszym ni\u017c policealne <\/strong>(poziom maks. ISCED-4, czyli: <strong>bez wykszta\u0142cenia, z uko\u0144czon\u0105 szko\u0142\u0105 podstawow\u0105, gimnazjum, szko\u0142\u0105 zawodow\u0105, szko\u0142\u0105 \u015bredni\u0105 lub szko\u0142\u0105 policealn\u0105).\u00a0<\/strong><\/p>\t\t\t\t\t\t\t\t<\/div>\n\t\t\t\t<\/div>\n\t\t\t\t<div class=\"elementor-element elementor-element-611c5913 elementor-widget elementor-widget-text-editor\" data-id=\"611c5913\" data-element_type=\"widget\" data-e-type=\"widget\" data-widget_type=\"text-editor.default\">\n\t\t\t\t<div class=\"elementor-widget-container\">\n\t\t\t\t\t\t\t\t\t<p>Rekrutacja nie b\u0119dzie dost\u0119pna dla kobiet z wy\u017cszym wykszta\u0142ceniem (licencjat, magisterium, doktorat lub wy\u017cej).<\/p><p><strong>Dost\u0119pnych b\u0119dzie 2 000 miejsc.<\/strong>\u00a0<\/p><p>Rekrutacja potrwa <strong>do 12 listopada<\/strong> 2024 roku lub do wcze\u015bniejszego <strong>wyczerpania dost\u0119pnych miejsc<\/strong>. Decydowa\u0107 b\u0119dzie kolejno\u015b\u0107 zg\u0142osze\u0144.<\/p><p>Uczestnikiem projektu mo\u017cesz zosta\u0107 je\u015bli:<\/p><ul><li>jeste\u015b doros\u0142\u0105 kobiet\u0105, w wieku od 18 do 89 lat,<\/li><li>posiadasz wykszta\u0142cenie nie wy\u017csze ni\u017c policealne,<\/li><li>jeste\u015b zwi\u0105zana z Ma\u0142opolsk\u0105 (przez miejsce zamieszkania lub pracy),<\/li><li>nie prowadzisz dzia\u0142alno\u015bci gospodarczej,<\/li><li>posiadasz obywatelstwo polskie lub zezwolenie na pobyt lub wiz\u0119, upowa\u017cniaj\u0105ce do pobytu i podj\u0119cia pracy na terenie Rzeczypospolitej Polskiej<\/li><\/ul><p>i dodatkowo spe\u0142niasz \u2013 zgodnie z\u00a0<a href=\"https:\/\/www.projekt.pociagdokariery.pl\/storage\/shares\/Ma%C5%82opolski%20poci%C4%85g%20do%20kariery%20-%20sezon%201\/REGULAMIN.pdf\">Regulaminem<\/a>\u00a0\u2013 jeden z poni\u017cszych warunk\u00f3w:<\/p><ol><li>jeste\u015b osob\u0105 pracuj\u0105c\u0105 \u2013 potwierdzisz to odpowiednim za\u015bwiadczeniem, kt\u00f3rego wz\u00f3r otrzymasz po pozytywnej weryfikacji twojego formularza zg\u0142oszeniowego lub<\/li><li>jeste\u015b osob\u0105 z niepe\u0142nosprawno\u015bciami \u2013 potwierdzisz to orzeczeniem lub za\u015bwiadczeniem potwierdzaj\u0105cym status osoby z zaburzeniami psychicznymi.<\/li><\/ol><h3><strong>Kim jest osoba pracuj\u0105ca?<\/strong><\/h3><p>Osob\u0105 pracuj\u0105c\u0105\u00a0jeste\u015b, je\u015bli spe\u0142niasz jeden z poni\u017cszych warunk\u00f3w:<\/p><ul><li>jeste\u015b zatrudniona na umow\u0119 o prac\u0119, na podstawie wyboru, mianowania, powo\u0142ania lub sp\u00f3\u0142dzielczej umowy o prac\u0119 \u2013 w rozumieniu <a href=\"https:\/\/isap.sejm.gov.pl\/isap.nsf\/DocDetails.xsp?id=WDU19740240141\">Kodeksu pracy<\/a>\u00a0lub na\u00a0<a href=\"https:\/\/isap.sejm.gov.pl\/isap.nsf\/DocDetails.xsp?id=wdu19640160093\">umow\u0119 cywilno-prawn\u0105<\/a>\u00a0(np. zlecenie lub umow\u0119 o dzie\u0142o)<\/li><li>jeste\u015b rolnikiem ubezpieczonym w KRUS i po\u015bwi\u0119casz czas na prowadzenie gospodarstwa rolnego, nawet je\u017celi nie zrealizowa\u0142e\u015b\/a\u015b \u017cadnej sprzeda\u017cy lub us\u0142ug i nic nie wyprodukowa\u0142e\u015b\/a\u015b<\/li><li>jeste\u015b czynnym \u017co\u0142nierzem terytorialnej s\u0142u\u017cby wojskowej lub stra\u017cakiem ochotniczej stra\u017cy po\u017carnej (zgodnie z art.8\u00a0<a href=\"https:\/\/isap.sejm.gov.pl\/isap.nsf\/DocDetails.xsp?id=WDU20210002490\">Ustawy o ochotniczych stra\u017cach po\u017carnych<\/a>z dnia 17 grudnia 2021 r., Dz.U. 2024.233).<\/li><\/ul><p>Rekrutacja odbywa\u0107 si\u0119 b\u0119dzie poprzez stron\u0119 projektu\u00a0<a href=\"https:\/\/projekt.pociagdokariery.pl\/cms\/zgloszenie-do-projektu\/\">Ma\u0142opolski poci\u0105g do kariery<\/a>, na kt\u00f3rej po klikni\u0119ciu kafelka\u00a0<strong>\u201eZg\u0142oszenie do projektu\u201d<\/strong>, b\u0119dzie dost\u0119pny formularz zg\u0142oszeniowy do wype\u0142nienia.<\/p><p>Zach\u0119camy do \u015bledzenia\u00a0<a href=\"https:\/\/projekt.pociagdokariery.pl\/cms\/aktualnosci\/\">aktualno\u015bci<\/a>, gdzie na bie\u017c\u0105co zamieszczane s\u0105 informacje na temat projektu.<\/p><h3>Informacja o finansowaniu Projektu<\/h3><p>Projekt Wojew\u00f3dzkiego Urz\u0119du Pracy w Krakowie pn. \u201eMa\u0142opolski Poci\u0105g do Kariery \u2013 sezon 1\u2033 realizowany w ramach programu \u201eFundusze Europejskie dla Ma\u0142opolski 2021-2027\u2033, Priorytet 6 Fundusze europejskie dla rynku pracy, edukacji i w\u0142\u0105czenia spo\u0142ecznego, Dzia\u0142anie 6.14 Kszta\u0142cenie os\u00f3b doros\u0142ych w systemie popytowym, typ A, jest wsp\u00f3\u0142finansowany przez Uni\u0119 Europejsk\u0105 ze \u015brodk\u00f3w Europejskiego Funduszu Spo\u0142ecznego Plus.<\/p><p>Warto\u015b\u0107 projektu: 90 000 000,00 z\u0142, w tym: wk\u0142ad funduszy europejskich: 76 500 000,00 z\u0142, wk\u0142ad bud\u017cetu pa\u0144stwa: 9 000 000,00 z\u0142.<\/p>\t\t\t\t\t\t\t\t<\/div>\n\t\t\t\t<\/div>\n\t\t\t\t\t<\/div>\n\t\t\t\t<\/div>\n\t\t<div class=\"elementor-element elementor-element-53e7f9f0 e-flex e-con-boxed e-con e-parent\" data-id=\"53e7f9f0\" data-element_type=\"container\" data-e-type=\"container\">\n\t\t\t\t\t<div class=\"e-con-inner\">\n\t\t<div class=\"elementor-element elementor-element-1d8ef278 e-con-full e-flex e-con e-child\" data-id=\"1d8ef278\" data-element_type=\"container\" data-e-type=\"container\">\n\t\t\t\t<div class=\"elementor-element elementor-element-6c13c53f e-grid-align-left elementor-shape-rounded elementor-grid-0 elementor-widget elementor-widget-social-icons\" data-id=\"6c13c53f\" data-element_type=\"widget\" data-e-type=\"widget\" data-widget_type=\"social-icons.default\">\n\t\t\t\t<div class=\"elementor-widget-container\">\n\t\t\t\t\t\t\t<div class=\"elementor-social-icons-wrapper elementor-grid\">\n\t\t\t\t\t\t\t<span class=\"elementor-grid-item\">\n\t\t\t\t\t<a class=\"elementor-icon elementor-social-icon elementor-social-icon-share-alt elementor-repeater-item-0db8a3f\" target=\"_blank\">\n\t\t\t\t\t\t<span class=\"elementor-screen-only\">Share-alt<\/span>\n\t\t\t\t\t\t<svg aria-hidden=\"true\" class=\"e-font-icon-svg e-fas-share-alt\" viewBox=\"0 0 448 512\" xmlns=\"http:\/\/www.w3.org\/2000\/svg\"><path d=\"M352 320c-22.608 0-43.387 7.819-59.79 20.895l-102.486-64.054a96.551 96.551 0 0 0 0-41.683l102.486-64.054C308.613 184.181 329.392 192 352 192c53.019 0 96-42.981 96-96S405.019 0 352 0s-96 42.981-96 96c0 7.158.79 14.13 2.276 20.841L155.79 180.895C139.387 167.819 118.608 160 96 160c-53.019 0-96 42.981-96 96s42.981 96 96 96c22.608 0 43.387-7.819 59.79-20.895l102.486 64.054A96.301 96.301 0 0 0 256 416c0 53.019 42.981 96 96 96s96-42.981 96-96-42.981-96-96-96z\"><\/path><\/svg>\t\t\t\t\t<\/a>\n\t\t\t\t<\/span>\n\t\t\t\t\t<\/div>\n\t\t\t\t\t\t<\/div>\n\t\t\t\t<\/div>\n\t\t\t\t<\/div>\n\t\t\t\t\t<\/div>\n\t\t\t\t<\/div>\n\t\t\t\t<\/div>\n\t\t","protected":false},"featured_media":7819,"template":"","meta":{"_acf_changed":false,"site-sidebar-layout":"no-sidebar","site-content-layout":"page-builder","ast-site-content-layout":"full-width-container","site-content-style":"default","site-sidebar-style":"default","ast-global-header-display":"","ast-banner-title-visibility":"","ast-main-header-display":"","ast-hfb-above-header-display":"","ast-hfb-below-header-display":"","ast-hfb-mobile-header-display":"","site-post-title":"disabled","ast-breadcrumbs-content":"","ast-featured-img":"disabled","footer-sml-layout":"","ast-disable-related-posts":"","theme-transparent-header-meta":"","adv-header-id-meta":"","stick-header-meta":"","header-above-stick-meta":"","header-main-stick-meta":"","header-below-stick-meta":"","astra-migrate-meta-layouts":"set","ast-page-background-enabled":"default","ast-page-background-meta":{"desktop":{"background-color":"var(--ast-global-color-4)","background-image":"","background-repeat":"repeat","background-position":"center center","background-size":"auto","background-attachment":"scroll","background-type":"","background-media":"","overlay-type":"","overlay-color":"","overlay-opacity":"","overlay-gradient":""},"tablet":{"background-color":"","background-image":"","background-repeat":"repeat","background-position":"center center","background-size":"auto","background-attachment":"scroll","background-type":"","background-media":"","overlay-type":"","overlay-color":"","overlay-opacity":"","overlay-gradient":""},"mobile":{"background-color":"","background-image":"","background-repeat":"repeat","background-position":"center center","background-size":"auto","background-attachment":"scroll","background-type":"","background-media":"","overlay-type":"","overlay-color":"","overlay-opacity":"","overlay-gradient":""}},"ast-content-background-meta":{"desktop":{"background-color":"var(--ast-global-color-5)","background-image":"","background-repeat":"repeat","background-position":"center center","background-size":"auto","background-attachment":"scroll","background-type":"","background-media":"","overlay-type":"","overlay-color":"","overlay-opacity":"","overlay-gradient":""},"tablet":{"background-color":"var(--ast-global-color-5)","background-image":"","background-repeat":"repeat","background-position":"center center","background-size":"auto","background-attachment":"scroll","background-type":"","background-media":"","overlay-type":"","overlay-color":"","overlay-opacity":"","overlay-gradient":""},"mobile":{"background-color":"var(--ast-global-color-5)","background-image":"","background-repeat":"repeat","background-position":"center center","background-size":"auto","background-attachment":"scroll","background-type":"","background-media":"","overlay-type":"","overlay-color":"","overlay-opacity":"","overlay-gradient":""}}},"class_list":["post-7813","wiadomosci","type-wiadomosci","status-publish","has-post-thumbnail","hentry"],"acf":[],"_links":{"self":[{"href":"https:\/\/projekt.pociagdokariery.pl\/cms\/wp-json\/wp\/v2\/wiadomosci\/7813","targetHints":{"allow":["GET"]}}],"collection":[{"href":"https:\/\/projekt.pociagdokariery.pl\/cms\/wp-json\/wp\/v2\/wiadomosci"}],"about":[{"href":"https:\/\/projekt.pociagdokariery.pl\/cms\/wp-json\/wp\/v2\/types\/wiadomosci"}],"version-history":[{"count":5,"href":"https:\/\/projekt.pociagdokariery.pl\/cms\/wp-json\/wp\/v2\/wiadomosci\/7813\/revisions"}],"predecessor-version":[{"id":7818,"href":"https:\/\/projekt.pociagdokariery.pl\/cms\/wp-json\/wp\/v2\/wiadomosci\/7813\/revisions\/7818"}],"wp:featuredmedia":[{"embeddable":true,"href":"https:\/\/projekt.pociagdokariery.pl\/cms\/wp-json\/wp\/v2\/media\/7819"}],"wp:attachment":[{"href":"https:\/\/projekt.pociagdokariery.pl\/cms\/wp-json\/wp\/v2\/media?parent=7813"}],"curies":[{"name":"wp","href":"https:\/\/api.w.org\/{rel}","templated":true}]}}