{"id":8803,"date":"2025-02-17T10:18:02","date_gmt":"2025-02-17T09:18:02","guid":{"rendered":"https:\/\/projekt.pociagdokariery.pl\/cms\/?post_type=wiadomosci&#038;p=8803"},"modified":"2025-02-17T11:12:10","modified_gmt":"2025-02-17T10:12:10","slug":"rekrutacja-dla-kobiet-od-20-lutego","status":"publish","type":"wiadomosci","link":"https:\/\/projekt.pociagdokariery.pl\/cms\/wiadomosci\/rekrutacja-dla-kobiet-od-20-lutego\/","title":{"rendered":"Rekrutacja dla kobiet od 20 lutego"},"content":{"rendered":"\t\t<div data-elementor-type=\"wp-post\" data-elementor-id=\"8803\" class=\"elementor elementor-8803\">\n\t\t\t\t<div class=\"elementor-element elementor-element-ba33b63 e-con-full e-flex e-con e-parent\" data-id=\"ba33b63\" data-element_type=\"container\" data-e-type=\"container\">\n\t\t\t\t<div class=\"elementor-element elementor-element-1cb7fb95 elementor-widget elementor-widget-heading\" data-id=\"1cb7fb95\" data-element_type=\"widget\" data-e-type=\"widget\" data-widget_type=\"heading.default\">\n\t\t\t\t<div class=\"elementor-widget-container\">\n\t\t\t\t\t<h2 class=\"elementor-heading-title elementor-size-default\">Rekrutacja dla kobiet od 20 lutego<\/h2>\t\t\t\t<\/div>\n\t\t\t\t<\/div>\n\t\t\t\t<div class=\"elementor-element elementor-element-452a2028 elementor-widget-divider--view-line elementor-widget elementor-widget-divider\" data-id=\"452a2028\" data-element_type=\"widget\" data-e-type=\"widget\" data-widget_type=\"divider.default\">\n\t\t\t\t<div class=\"elementor-widget-container\">\n\t\t\t\t\t\t\t<div class=\"elementor-divider\">\n\t\t\t<span class=\"elementor-divider-separator\">\n\t\t\t\t\t\t<\/span>\n\t\t<\/div>\n\t\t\t\t\t\t<\/div>\n\t\t\t\t<\/div>\n\t\t\t\t<div class=\"elementor-element elementor-element-335a264 elementor-widget elementor-widget-text-editor\" data-id=\"335a264\" data-element_type=\"widget\" data-e-type=\"widget\" data-widget_type=\"text-editor.default\">\n\t\t\t\t<div class=\"elementor-widget-container\">\n\t\t\t\t\t\t\t\t\t<p>Data publikacji: 2025-02-17<\/p>\t\t\t\t\t\t\t\t<\/div>\n\t\t\t\t<\/div>\n\t\t\t\t<\/div>\n\t\t<div class=\"elementor-element elementor-element-41938505 elementor-hidden-mobile e-flex e-con-boxed e-con e-parent\" data-id=\"41938505\" data-element_type=\"container\" data-e-type=\"container\" data-settings=\"{&quot;background_background&quot;:&quot;classic&quot;}\">\n\t\t\t\t\t<div class=\"e-con-inner\">\n\t\t\t\t<div class=\"elementor-element elementor-element-568d4dba elementor-widget elementor-widget-spacer\" data-id=\"568d4dba\" data-element_type=\"widget\" data-e-type=\"widget\" data-widget_type=\"spacer.default\">\n\t\t\t\t<div class=\"elementor-widget-container\">\n\t\t\t\t\t\t\t<div class=\"elementor-spacer\">\n\t\t\t<div class=\"elementor-spacer-inner\"><\/div>\n\t\t<\/div>\n\t\t\t\t\t\t<\/div>\n\t\t\t\t<\/div>\n\t\t\t\t\t<\/div>\n\t\t\t\t<\/div>\n\t\t<div class=\"elementor-element elementor-element-47314cd0 e-flex e-con-boxed e-con e-parent\" data-id=\"47314cd0\" data-element_type=\"container\" data-e-type=\"container\">\n\t\t\t\t\t<div class=\"e-con-inner\">\n\t\t\t\t<div class=\"elementor-element elementor-element-72e9850f elementor-widget elementor-widget-text-editor\" data-id=\"72e9850f\" data-element_type=\"widget\" data-e-type=\"widget\" data-widget_type=\"text-editor.default\">\n\t\t\t\t<div class=\"elementor-widget-container\">\n\t\t\t\t\t\t\t\t\t<strong>Ju\u017c 20 lutego 2025 roku, o godzinie 12:00 rusza kolejna rekrutacja do projektu \u201eMa\u0142opolski poci\u0105g do kariery \u2013 sezon 1\u201d.<\/strong>\t\t\t\t\t\t\t\t<\/div>\n\t\t\t\t<\/div>\n\t\t\t\t<div class=\"elementor-element elementor-element-3f56ea2c elementor-widget elementor-widget-text-editor\" data-id=\"3f56ea2c\" data-element_type=\"widget\" data-e-type=\"widget\" data-widget_type=\"text-editor.default\">\n\t\t\t\t<div class=\"elementor-widget-container\">\n\t\t\t\t\t\t\t\t\t<div class=\"text-editor\"><p>Tym razem do projektu mog\u0105 przyst\u0105pi\u0107 <strong>TYLKO kobiety z wykszta\u0142ceniem nie wy\u017cszym ni\u017c policealne <\/strong>(poziom maks. ISCED-4, czyli: <strong>bez wykszta\u0142cenia, szko\u0142a podstawowa, gimnazjum, szko\u0142a zawodowa, szko\u0142a \u015brednia lub policealna<\/strong>).<\/p><p>Rekrutacja nie jest dost\u0119pna dla kobiet z wy\u017cszym wykszta\u0142ceniem (licencjat, magisterium, doktorat lub wy\u017cej).<\/p><p><strong>Dost\u0119pnych b\u0119dzie 2 000 miejsc.<\/strong><\/p><p>Rekrutacja potrwa <strong>do 20 marca 2025<\/strong> lub do wcze\u015bniejszego <strong>wyczerpania miejsc<\/strong> (decyduje kolejno\u015b\u0107 zg\u0142osze\u0144).<\/p><p>Rekrutacja odbywa si\u0119 wy\u0142\u0105cznie online poprzez stron\u0119 projektu, klikaj\u0105c w kafelek: <a href=\"https:\/\/projekt.pociagdokariery.pl\/cms\/zgloszenie-do-projektu\/\" target=\"_blank\" rel=\"noopener\">\u201eZg\u0142oszenie do projektu\u201d<\/a>.<\/p><\/div>\t\t\t\t\t\t\t\t<\/div>\n\t\t\t\t<\/div>\n\t\t\t\t<div class=\"elementor-element elementor-element-a9c27bd elementor-widget elementor-widget-text-editor\" data-id=\"a9c27bd\" data-element_type=\"widget\" data-e-type=\"widget\" data-widget_type=\"text-editor.default\">\n\t\t\t\t<div class=\"elementor-widget-container\">\n\t\t\t\t\t\t\t\t\t<div class=\"text-editor\"><h3>Uczestnikiem projektu mo\u017cesz zosta\u0107, je\u015bli:<\/h3><ul><li>jeste\u015b doros\u0142\u0105 kobiet\u0105 (w wieku od 18 do 89 lat),<\/li><li>posiadasz wykszta\u0142cenie nie wy\u017csze ni\u017c policealne,<\/li><li>jeste\u015b zwi\u0105zana z Ma\u0142opolsk\u0105 (przez miejsce zamieszkania lub pracy),<\/li><li>nie prowadzisz dzia\u0142alno\u015bci gospodarczej,<\/li><li>posiadasz obywatelstwo polskie lub zezwolenie na pobyt lub wiz\u0119, upowa\u017cniaj\u0105ce do pobytu i podj\u0119cia pracy na terenie Rzeczypospolitej Polskiej,<\/li><\/ul><p>i dodatkowo \u2013 zgodnie z\u00a0<a href=\"https:\/\/projekt.pociagdokariery.pl\/storage\/shares\/Ma\u0142opolski poci\u0105g do kariery - sezon 1\/Regulamin_MP_dla_rekrutacji_od_12.12.2024.pdf\" target=\"_blank\" rel=\"noopener\">Regulaminem<\/a>\u00a0\u2013 musisz spe\u0142ni\u0107 jeden z warunk\u00f3w:<\/p><ol><li>jeste\u015b osob\u0105 pracuj\u0105c\u0105 (potwierdzisz to odpowiednim za\u015bwiadczeniem, kt\u00f3rego wz\u00f3r otrzymasz po pozytywnej weryfikacji twojego formularza zg\u0142oszeniowego), LUB<\/li><li>jeste\u015b osob\u0105 z niepe\u0142nosprawno\u015bciami (potwierdzisz to orzeczeniem lub za\u015bwiadczeniem potwierdzaj\u0105cym status osoby z zaburzeniami psychicznymi).<\/li><\/ol><p><strong>Osoby z niepe\u0142nosprawno\u015bciami<\/strong>\u00a0nie musz\u0105 spe\u0142nia\u0107 warunku zatrudnienia, zatem\u00a0<strong>mog\u0105 by\u0107 osobami bezrobotnymi \/ bez zatrudnienia.<\/strong><\/p><p><strong>Kontakt<\/strong>\u00a0do pracownika wspieraj\u0105cego osoby z niepe\u0142nosprawno\u015bciami:<br \/>tel.: 12 619 84 09, e-mail:\u00a0<a href=\"mailto:bon@wup-krakow.pl\">bon@wup-krakow.pl<\/a><\/p><p>Zobacz wi\u0119cej w artykule <a href=\"https:\/\/projekt.pociagdokariery.pl\/cms\/dla-osob-ze-szczegolnymi-potrzebami\/\" target=\"_blank\" rel=\"noopener\">Dla os\u00f3b ze szczeg\u00f3lnymi potrzebami<\/a>.<\/p><h3>Kim jest osoba pracuj\u0105ca?<\/h3><p>Osob\u0105 pracuj\u0105c\u0105\u00a0jeste\u015b, je\u015bli spe\u0142niasz jeden z poni\u017cszych warunk\u00f3w:<\/p><ul><li>jeste\u015b zatrudniona na umow\u0119 o prac\u0119, na podstawie wyboru, mianowania, powo\u0142ania lub sp\u00f3\u0142dzielczej umowy o prac\u0119 \u2013 w rozumieniu <a href=\"https:\/\/isap.sejm.gov.pl\/isap.nsf\/DocDetails.xsp?id=WDU19740240141\" target=\"_blank\" rel=\"noopener\">Kodeksu pracy<\/a> lub na <a href=\"https:\/\/isap.sejm.gov.pl\/isap.nsf\/DocDetails.xsp?id=wdu19640160093\" target=\"_blank\" rel=\"noopener\">umow\u0119 cywilno-prawn\u0105<\/a> (np. zlecenie lub umow\u0119 o dzie\u0142o);<\/li><li>jeste\u015b rolnikiem ubezpieczonym w KRUS i po\u015bwi\u0119casz czas na prowadzenie gospodarstwa rolnego, nawet je\u017celi nie zrealizowa\u0142a\u015b \u017cadnej sprzeda\u017cy lub us\u0142ug i nic nie wyprodukowa\u0142a\u015b;<\/li><li>jeste\u015b czynnym \u017co\u0142nierzem terytorialnej s\u0142u\u017cby wojskowej lub stra\u017cakiem ochotniczej stra\u017cy po\u017carnej (zgodnie z art.8\u00a0<a href=\"https:\/\/isap.sejm.gov.pl\/isap.nsf\/DocDetails.xsp?id=WDU20210002490\" target=\"_blank\" rel=\"noopener\">Ustawy o ochotniczych stra\u017cach po\u017carnych<\/a> z dnia 17 grudnia 2021 r., Dz.U. 2024.233).<\/li><\/ul><h3>Pami\u0119taj!<\/h3><ul><li><strong>Us\u0142ugi rozwojowe nale\u017cy zrealizowa\u0107<\/strong> <strong>do 30 wrze\u015bnia 2025!<\/strong> (termin wa\u017cno\u015bci bon\u00f3w)<\/li><li><strong>Brak mo\u017cliwo\u015bci sfinansowania bonami studi\u00f3w podyplomowych<\/strong>\u00a0(ze wzgl\u0119du na kr\u00f3tki termin wa\u017cno\u015bci bon\u00f3w).<\/li><\/ul><p>Dowiedz si\u0119 wi\u0119cej o projekcie w artykule <a href=\"https:\/\/projekt.pociagdokariery.pl\/cms\/szczegoly-naszej-oferty\/\" target=\"_blank\" rel=\"noopener\">\u201eSzczeg\u00f3\u0142y naszej oferty\u201d<\/a>.<\/p><p>Wszystkie informacje istotne dla kandydat\u00f3w i uczestnik\u00f3w projektu znajdziesz w sekcji <a href=\"https:\/\/projekt.pociagdokariery.pl\/cms\/dla-uczestnika-projektu\/\" target=\"_blank\" rel=\"noopener\">\u201eDla Uczestnika projektu\u201d<\/a>.<\/p><p>Terminy nast\u0119pnych rekrutacji podane s\u0105 w <a href=\"https:\/\/projekt.pociagdokariery.pl\/cms\/dla-uczestnika-projektu\/harmonogram-rekrutacji\/\" target=\"_blank\" rel=\"noopener\">Harmonogramie rekrutacji<\/a>. Zach\u0119camy r\u00f3wnie\u017c do \u015bledzenia <a href=\"https:\/\/projekt.pociagdokariery.pl\/cms\/aktualnosci\/\" target=\"_blank\" rel=\"noopener\">aktualno\u015bci<\/a>.<\/p><\/div>\t\t\t\t\t\t\t\t<\/div>\n\t\t\t\t<\/div>\n\t\t\t\t<div class=\"elementor-element elementor-element-45150305 elementor-widget elementor-widget-text-editor\" data-id=\"45150305\" data-element_type=\"widget\" data-e-type=\"widget\" data-widget_type=\"text-editor.default\">\n\t\t\t\t<div class=\"elementor-widget-container\">\n\t\t\t\t\t\t\t\t\t<h3>Informacja o finansowaniu Projektu<\/h3>\nProjekt Wojew\u00f3dzkiego Urz\u0119du Pracy w Krakowie pn. \u201eMa\u0142opolski Poci\u0105g do Kariery \u2013 sezon 1\u2033 realizowany w ramach programu \u201eFundusze Europejskie dla Ma\u0142opolski 2021-2027\u2033, Priorytet 6 Fundusze europejskie dla rynku pracy, edukacji i w\u0142\u0105czenia spo\u0142ecznego, Dzia\u0142anie 6.14 Kszta\u0142cenie os\u00f3b doros\u0142ych w systemie popytowym, typ A, jest wsp\u00f3\u0142finansowany przez Uni\u0119 Europejsk\u0105 ze \u015brodk\u00f3w Europejskiego Funduszu Spo\u0142ecznego Plus.\n\nWarto\u015b\u0107 projektu: 90 000 000,00 z\u0142, w tym: wk\u0142ad funduszy europejskich: 76 500 000,00 z\u0142, wk\u0142ad bud\u017cetu pa\u0144stwa: 9 000 000,00 z\u0142.\t\t\t\t\t\t\t\t<\/div>\n\t\t\t\t<\/div>\n\t\t\t\t\t<\/div>\n\t\t\t\t<\/div>\n\t\t<div class=\"elementor-element elementor-element-5edb13bd e-flex e-con-boxed e-con e-parent\" data-id=\"5edb13bd\" data-element_type=\"container\" data-e-type=\"container\">\n\t\t\t\t\t<div class=\"e-con-inner\">\n\t\t<div class=\"elementor-element elementor-element-7d21e1a8 e-con-full e-flex e-con e-child\" data-id=\"7d21e1a8\" data-element_type=\"container\" data-e-type=\"container\">\n\t\t\t\t<div class=\"elementor-element elementor-element-4328fd0e e-grid-align-left elementor-shape-rounded elementor-grid-0 elementor-widget elementor-widget-social-icons\" data-id=\"4328fd0e\" data-element_type=\"widget\" data-e-type=\"widget\" data-widget_type=\"social-icons.default\">\n\t\t\t\t<div class=\"elementor-widget-container\">\n\t\t\t\t\t\t\t<div class=\"elementor-social-icons-wrapper elementor-grid\">\n\t\t\t\t\t\t\t<span class=\"elementor-grid-item\">\n\t\t\t\t\t<a class=\"elementor-icon elementor-social-icon elementor-social-icon-share-alt elementor-repeater-item-0db8a3f\" target=\"_blank\">\n\t\t\t\t\t\t<span class=\"elementor-screen-only\">Share-alt<\/span>\n\t\t\t\t\t\t<svg aria-hidden=\"true\" class=\"e-font-icon-svg e-fas-share-alt\" viewBox=\"0 0 448 512\" xmlns=\"http:\/\/www.w3.org\/2000\/svg\"><path d=\"M352 320c-22.608 0-43.387 7.819-59.79 20.895l-102.486-64.054a96.551 96.551 0 0 0 0-41.683l102.486-64.054C308.613 184.181 329.392 192 352 192c53.019 0 96-42.981 96-96S405.019 0 352 0s-96 42.981-96 96c0 7.158.79 14.13 2.276 20.841L155.79 180.895C139.387 167.819 118.608 160 96 160c-53.019 0-96 42.981-96 96s42.981 96 96 96c22.608 0 43.387-7.819 59.79-20.895l102.486 64.054A96.301 96.301 0 0 0 256 416c0 53.019 42.981 96 96 96s96-42.981 96-96-42.981-96-96-96z\"><\/path><\/svg>\t\t\t\t\t<\/a>\n\t\t\t\t<\/span>\n\t\t\t\t\t<\/div>\n\t\t\t\t\t\t<\/div>\n\t\t\t\t<\/div>\n\t\t\t\t<\/div>\n\t\t\t\t\t<\/div>\n\t\t\t\t<\/div>\n\t\t\t\t<\/div>\n\t\t","protected":false},"featured_media":7819,"template":"","meta":{"_acf_changed":false,"site-sidebar-layout":"no-sidebar","site-content-layout":"page-builder","ast-site-content-layout":"full-width-container","site-content-style":"default","site-sidebar-style":"default","ast-global-header-display":"","ast-banner-title-visibility":"","ast-main-header-display":"","ast-hfb-above-header-display":"","ast-hfb-below-header-display":"","ast-hfb-mobile-header-display":"","site-post-title":"disabled","ast-breadcrumbs-content":"","ast-featured-img":"disabled","footer-sml-layout":"","ast-disable-related-posts":"","theme-transparent-header-meta":"","adv-header-id-meta":"","stick-header-meta":"","header-above-stick-meta":"","header-main-stick-meta":"","header-below-stick-meta":"","astra-migrate-meta-layouts":"set","ast-page-background-enabled":"default","ast-page-background-meta":{"desktop":{"background-color":"var(--ast-global-color-4)","background-image":"","background-repeat":"repeat","background-position":"center center","background-size":"auto","background-attachment":"scroll","background-type":"","background-media":"","overlay-type":"","overlay-color":"","overlay-opacity":"","overlay-gradient":""},"tablet":{"background-color":"","background-image":"","background-repeat":"repeat","background-position":"center center","background-size":"auto","background-attachment":"scroll","background-type":"","background-media":"","overlay-type":"","overlay-color":"","overlay-opacity":"","overlay-gradient":""},"mobile":{"background-color":"","background-image":"","background-repeat":"repeat","background-position":"center center","background-size":"auto","background-attachment":"scroll","background-type":"","background-media":"","overlay-type":"","overlay-color":"","overlay-opacity":"","overlay-gradient":""}},"ast-content-background-meta":{"desktop":{"background-color":"var(--ast-global-color-5)","background-image":"","background-repeat":"repeat","background-position":"center center","background-size":"auto","background-attachment":"scroll","background-type":"","background-media":"","overlay-type":"","overlay-color":"","overlay-opacity":"","overlay-gradient":""},"tablet":{"background-color":"var(--ast-global-color-5)","background-image":"","background-repeat":"repeat","background-position":"center center","background-size":"auto","background-attachment":"scroll","background-type":"","background-media":"","overlay-type":"","overlay-color":"","overlay-opacity":"","overlay-gradient":""},"mobile":{"background-color":"var(--ast-global-color-5)","background-image":"","background-repeat":"repeat","background-position":"center center","background-size":"auto","background-attachment":"scroll","background-type":"","background-media":"","overlay-type":"","overlay-color":"","overlay-opacity":"","overlay-gradient":""}}},"class_list":["post-8803","wiadomosci","type-wiadomosci","status-publish","has-post-thumbnail","hentry"],"acf":[],"_links":{"self":[{"href":"https:\/\/projekt.pociagdokariery.pl\/cms\/wp-json\/wp\/v2\/wiadomosci\/8803","targetHints":{"allow":["GET"]}}],"collection":[{"href":"https:\/\/projekt.pociagdokariery.pl\/cms\/wp-json\/wp\/v2\/wiadomosci"}],"about":[{"href":"https:\/\/projekt.pociagdokariery.pl\/cms\/wp-json\/wp\/v2\/types\/wiadomosci"}],"version-history":[{"count":21,"href":"https:\/\/projekt.pociagdokariery.pl\/cms\/wp-json\/wp\/v2\/wiadomosci\/8803\/revisions"}],"predecessor-version":[{"id":9579,"href":"https:\/\/projekt.pociagdokariery.pl\/cms\/wp-json\/wp\/v2\/wiadomosci\/8803\/revisions\/9579"}],"wp:featuredmedia":[{"embeddable":true,"href":"https:\/\/projekt.pociagdokariery.pl\/cms\/wp-json\/wp\/v2\/media\/7819"}],"wp:attachment":[{"href":"https:\/\/projekt.pociagdokariery.pl\/cms\/wp-json\/wp\/v2\/media?parent=8803"}],"curies":[{"name":"wp","href":"https:\/\/api.w.org\/{rel}","templated":true}]}}